{"id":7583,"date":"2019-01-17T11:06:01","date_gmt":"2019-01-17T10:06:01","guid":{"rendered":"https:\/\/junge-erwachsene-mit-krebs.de\/?post_type=location&#038;p=7583"},"modified":"2025-04-01T14:53:26","modified_gmt":"2025-04-01T12:53:26","slug":"jung-krebs-aachen-leben-mit-krebs-aachen","status":"publish","type":"location","link":"https:\/\/junge-erwachsene-mit-krebs.de\/en\/locations\/jung-krebs-aachen-leben-mit-krebs-aachen\/","title":{"rendered":"Jung &#038; Krebs &#8211; Aachen &#8211; Leben mit Krebs Aachen"},"content":{"rendered":"\n<div class=\"lsv_container\">\n    <!-- <div class=\"lsv_container_narrow\"> -->\n    <div class=\"lsv_meta_container\">\n      <span class=\"lsv_contact_area\">\n        <div class=\"lsv_contact_title\">Kontakt<\/div>\n                  <span class=\"lsv_contact_info\">\n            <div class=\"lsv_contact_person\"><\/div>\n                          <div>T <a class=\"lsv_contact_telefon\" href=\"tel:+49 157 34901173\">+49 157 34901173<\/a><\/div>\n                          <div><a class=\"lsv_contact_link\" href=\"mailto:jung.und.krebs.aachen@gmx.de\">E-Mail schreiben<\/a><\/div>\n          <\/span>\n        <\/span>\n      <span class=\"lsv_social_area\">\n\n                        <div class=\"lsv_social_title\">Angebot auf<\/div>\n        \n        <div class=\"lsv_social_icons\">\n          <a class=\"lsv_social_icon\" href=\"http:\/\/www.facebook.com\/JungundKrebsAachen\/\" target=\"_blank\"><img loading=\"lazy\" decoding=\"async\" src=\"\/wp-content\/themes\/neve-child-master\/images\/facebook.png)\" alt=\"\" height=\"40\" width=\"40\"><\/a>         <\/div>\n       <\/span>\n     <\/div>\n  \n      <div class=\"lsv_next_dates_area\">\n        <div class=\"lsv_next_dates_title\">Nachste Termine<\/div>\n        <div class=\"lsv_next_dates_dates\">\n           <div class=\"ep_no_event\">\n\t\tKeine derzeitigen Termine\n\t\t<\/div>\n        <\/div>\n      <\/div>\n        <div class=\"template-page content\">\n          <\/div>\n  \n    <!-- <div class=\"share-container\">\n      <p class=\"share-title\">Seite teilen:<\/p>\n      <div class=\"share-icons\">\n          <a href=\"https:\/\/twitter.com\/share?url=&text=\" target=\"_blank\" rel=\"noopener noreferrer\" class=\"share-icon twitter\">\n              <img decoding=\"async\" src=\"\" alt=\"Teilen auf X\">\n          <\/a>\n          <a href=\"https:\/\/www.facebook.com\/sharer\/sharer.php?u=\" target=\"_blank\" rel=\"noopener noreferrer\" class=\"share-icon facebook\">\n              <img decoding=\"async\" src=\"\" alt=\"Teilen auf Facebook\">\n          <\/a>\n          <a href=\"mailto:?subject=&body=\" class=\"share-icon email\">\n              <img decoding=\"async\" src=\"\" alt=\"Per E-Mail teilen\">\n          <\/a>\n      <\/div>\n    <\/div> -->\n<!-- <\/div> -->\n  <div class=\"lsv_news_preview_area\">\n          <div class=\"related_news_alignfull_container alignfull\">\n        <div class=\"related_news_container\">\n                      <div class=\"related_news_area location\">\n                                <a class=\"related_news_small\" href=\"https:\/\/junge-erwachsene-mit-krebs.de\/en\/livestreamer-collects-over-40000-for-young-cancer-patients\/\" title=\"Link to Livestreamer collects over $ 40,000 for young cancer patients\">\n                        <div class=\"related_news_image_container\">\n                            <div class=\"teaser_image\" style=\"background-image: url('https:\/\/junge-erwachsene-mit-krebs.de\/wp-content\/uploads\/2018\/11\/Spendenuebergabe_docm77MF.jpg'); background-position: center; background-repeat: no-repeat; background-size: cover;\">\n                            <\/div>\n                        <\/div>\n                        <div class=\"related_news_headline_container\">\n                            <div class=\"related_news_category\">International Blog<\/div>\n                            <div class=\"related_news_headline\">Livestreamer collects over $ 40,000 for young cancer patients<\/div>\n                        <\/div>\n                    <\/a>\n                                    <a class=\"related_news_small\" href=\"https:\/\/junge-erwachsene-mit-krebs.de\/en\/ib-nr-4\/\" title=\"Link to German Foundation for Young Adults with Cancer goes international\">\n                        <div class=\"related_news_image_container\">\n                            <div class=\"teaser_image\" style=\"background-image: url('https:\/\/junge-erwachsene-mit-krebs.de\/wp-content\/uploads\/2018\/09\/Fotolia_60718466_S-768x510.jpg'); background-position: center; background-repeat: no-repeat; background-size: cover;\">\n                            <\/div>\n                        <\/div>\n                        <div class=\"related_news_headline_container\">\n                            <div class=\"related_news_category\">International Blog<\/div>\n                            <div class=\"related_news_headline\">German Foundation for Young Adults with Cancer goes international<\/div>\n                        <\/div>\n                    <\/a>\n                                    <a class=\"related_news_small\" href=\"https:\/\/junge-erwachsene-mit-krebs.de\/en\/docm77-reloaded-renewed-gamer-charity-campaign-in-favor-of-young-cancer-patients\/\" title=\"Link to Docm77-Reloaded - Renewed gamer charity campaign in favor of young cancer patients\">\n                        <div class=\"related_news_image_container\">\n                            <div class=\"teaser_image\" style=\"background-image: url('https:\/\/junge-erwachsene-mit-krebs.de\/wp-content\/uploads\/2019\/10\/Gaming-Charity-Stream-e1571238132932-768x384.jpg'); background-position: center; background-repeat: no-repeat; background-size: cover;\">\n                            <\/div>\n                        <\/div>\n                        <div class=\"related_news_headline_container\">\n                            <div class=\"related_news_category\">International Blog<\/div>\n                            <div class=\"related_news_headline\">Docm77-Reloaded - Renewed gamer charity campaign in favor of young cancer patients<\/div>\n                        <\/div>\n                    <\/a>\n                                    <a class=\"related_news_small\" href=\"https:\/\/junge-erwachsene-mit-krebs.de\/en\/fertility-preservation-in-young-cancer-patients-an-interview-with-inken-hilgendorf\/\" title=\"Link to Fertility Preservation in Young Cancer Patients: An Interview with Inken Hilgendorf\">\n                        <div class=\"related_news_image_container\">\n                            <div class=\"teaser_image\" style=\"background-image: url('https:\/\/junge-erwachsene-mit-krebs.de\/wp-content\/uploads\/2021\/09\/210922_Anzeige_Jette_Englisch_web-III_angepasst-1-e1632304652656-768x385.jpg'); background-position: center; background-repeat: no-repeat; background-size: cover;\">\n                            <\/div>\n                        <\/div>\n                        <div class=\"related_news_headline_container\">\n                            <div class=\"related_news_category\">International Blog<\/div>\n                            <div class=\"related_news_headline\">Fertility Preservation in Young Cancer Patients: An Interview with Inken Hilgendorf<\/div>\n                        <\/div>\n                    <\/a>\n                        <\/div>            <a class=\"related_news_more_link\" href=\"https:\/\/junge-erwachsene-mit-krebs.de\/en\/aktuelles\/neuigkeiten\/\" target=\"_self\" title=\"link to news\">Weitere Neuigkeiten<\/a>\n                  <\/div>\n      <\/div>\n    <\/div>\n    <\/div>\n  <div class=\"lsv_kachel_colorsection\"><div class=\"boxoverview-block-container boxoverview-block_d6e804d3f1767a3a1256182caf2bfab0  alignfull\">\n  <div class=\"boxoverview-area\">\n        <div class=\"boxoverview_verlinkungscontainer\">          <div class=\"boxoverview-block\">\n                    \t\t<div class=\"boxoverview-block_d6e804d3f1767a3a1256182caf2bfab0 boxoverview no_symbol\">JUNGES KREBSPORTAL<\/div>\n        \t\t<div class=\"boxoverview_content\">Unser Team im JUNGEN KRBESPORTAL steht Dir mit Antworten und Tipps jederzeit zur Verf\u00fcgung. Hier erh\u00e4ltst Du individuelle Beratung durch Experten.<\/div>\n                            <a class=\"content_link\" href=\"https:\/\/junge-erwachsene-mit-krebs.de\/jung-und-krebs\/junges-krebsportal\/\" target=\"\">Read more<\/a>\n                          <\/div>\n      \t\t          <div class=\"boxoverview-block\">\n                    \t\t<div class=\"boxoverview-block_d6e804d3f1767a3a1256182caf2bfab0 boxoverview no_symbol\">Newsletter<\/div>\n        \t\t<div class=\"boxoverview_content\">Du m\u00f6chtest auch in Zukunft Informationen zu den Projekten und zur Arbeit der Deutschen Stiftung f\u00fcr junge Erwachsene mit Krebs erhalten? Dann melde Dich hier f\u00fcr unseren Newsletter an.<\/div>\n                            <a class=\"content_link\" href=\"https:\/\/junge-erwachsene-mit-krebs.de\/newsletter\/\" target=\"\">Read more<\/a>\n                          <\/div>\n      \t\t    <\/div>\n      <\/div>\n<\/div>\n  <\/div>\n<\/div>\n","protected":false},"excerpt":{"rendered":"<p>Jung &#038; Krebs ist eine Gruppe junger Menschen mit oder nach einer Krebserkrankung. Regelm\u00e4\u00dfig, immer am 1. Dienstag des Monats, findet ein Stammtisch statt und es werden gemeinsame Aktivit\u00e4ten organisiert, zu denen auch Angeh\u00f6rige herzlich eingeladen sind. <\/p>\n","protected":false},"author":5,"featured_media":0,"template":"","class_list":["post-7583","location","type-location","status-publish","hentry"],"acf":[],"yoast_head":"<!-- This site is optimized with the Yoast SEO plugin v27.3 - https:\/\/yoast.com\/product\/yoast-seo-wordpress\/ -->\n<title>Jung &amp; Krebs - Aachen - Leben mit Krebs Aachen - DSFJEMK<\/title>\n<meta name=\"robots\" content=\"index, follow, max-snippet:-1, max-image-preview:large, max-video-preview:-1\" \/>\n<link rel=\"canonical\" href=\"https:\/\/junge-erwachsene-mit-krebs.de\/en\/locations\/jung-krebs-aachen-leben-mit-krebs-aachen\/\" \/>\n<meta property=\"og:locale\" content=\"en_US\" \/>\n<meta property=\"og:type\" content=\"article\" \/>\n<meta property=\"og:title\" content=\"Jung &amp; Krebs - Aachen - Leben mit Krebs Aachen - DSFJEMK\" \/>\n<meta property=\"og:description\" content=\"Jung &#038; Krebs ist eine Gruppe junger Menschen mit oder nach einer Krebserkrankung. Regelm\u00e4\u00dfig, immer am 1. Dienstag des Monats, findet ein Stammtisch statt und es werden gemeinsame Aktivit\u00e4ten organisiert, zu denen auch Angeh\u00f6rige herzlich eingeladen sind.\" \/>\n<meta property=\"og:url\" content=\"https:\/\/junge-erwachsene-mit-krebs.de\/en\/locations\/jung-krebs-aachen-leben-mit-krebs-aachen\/\" \/>\n<meta property=\"og:site_name\" content=\"DSFJEMK\" \/>\n<meta property=\"article:modified_time\" content=\"2025-04-01T12:53:26+00:00\" \/>\n<meta name=\"twitter:card\" content=\"summary_large_image\" \/>\n<script type=\"application\/ld+json\" class=\"yoast-schema-graph\">{\"@context\":\"https:\\\/\\\/schema.org\",\"@graph\":[{\"@type\":\"WebPage\",\"@id\":\"https:\\\/\\\/junge-erwachsene-mit-krebs.de\\\/en\\\/locations\\\/jung-krebs-aachen-leben-mit-krebs-aachen\\\/\",\"url\":\"https:\\\/\\\/junge-erwachsene-mit-krebs.de\\\/en\\\/locations\\\/jung-krebs-aachen-leben-mit-krebs-aachen\\\/\",\"name\":\"Jung & Krebs - Aachen - Leben mit Krebs Aachen - DSFJEMK\",\"isPartOf\":{\"@id\":\"https:\\\/\\\/junge-erwachsene-mit-krebs.de\\\/#website\"},\"datePublished\":\"2019-01-17T10:06:01+00:00\",\"dateModified\":\"2025-04-01T12:53:26+00:00\",\"breadcrumb\":{\"@id\":\"https:\\\/\\\/junge-erwachsene-mit-krebs.de\\\/en\\\/locations\\\/jung-krebs-aachen-leben-mit-krebs-aachen\\\/#breadcrumb\"},\"inLanguage\":\"en-US\",\"potentialAction\":[{\"@type\":\"ReadAction\",\"target\":[\"https:\\\/\\\/junge-erwachsene-mit-krebs.de\\\/en\\\/locations\\\/jung-krebs-aachen-leben-mit-krebs-aachen\\\/\"]}]},{\"@type\":\"BreadcrumbList\",\"@id\":\"https:\\\/\\\/junge-erwachsene-mit-krebs.de\\\/en\\\/locations\\\/jung-krebs-aachen-leben-mit-krebs-aachen\\\/#breadcrumb\",\"itemListElement\":[{\"@type\":\"ListItem\",\"position\":1,\"name\":\"Startseite\",\"item\":\"https:\\\/\\\/junge-erwachsene-mit-krebs.de\\\/en\\\/\"},{\"@type\":\"ListItem\",\"position\":2,\"name\":\"Jung &#038; Krebs &#8211; Aachen &#8211; Leben mit Krebs Aachen\"}]},{\"@type\":\"WebSite\",\"@id\":\"https:\\\/\\\/junge-erwachsene-mit-krebs.de\\\/#website\",\"url\":\"https:\\\/\\\/junge-erwachsene-mit-krebs.de\\\/\",\"name\":\"DSFJEMK\",\"description\":\"Deutsche Stiftung f\u00fcr junge Erwachsene mit Krebs\",\"publisher\":{\"@id\":\"https:\\\/\\\/junge-erwachsene-mit-krebs.de\\\/#organization\"},\"potentialAction\":[{\"@type\":\"SearchAction\",\"target\":{\"@type\":\"EntryPoint\",\"urlTemplate\":\"https:\\\/\\\/junge-erwachsene-mit-krebs.de\\\/?s={search_term_string}\"},\"query-input\":{\"@type\":\"PropertyValueSpecification\",\"valueRequired\":true,\"valueName\":\"search_term_string\"}}],\"inLanguage\":\"en-US\"},{\"@type\":\"Organization\",\"@id\":\"https:\\\/\\\/junge-erwachsene-mit-krebs.de\\\/#organization\",\"name\":\"Deutsche Stiftung f\u00fcr junge Erwachsene mit Krebs\",\"url\":\"https:\\\/\\\/junge-erwachsene-mit-krebs.de\\\/\",\"logo\":{\"@type\":\"ImageObject\",\"inLanguage\":\"en-US\",\"@id\":\"https:\\\/\\\/junge-erwachsene-mit-krebs.de\\\/#\\\/schema\\\/logo\\\/image\\\/\",\"url\":\"https:\\\/\\\/junge-erwachsene-mit-krebs.de\\\/wp-content\\\/uploads\\\/2018\\\/09\\\/Logo_DSfjEmK-2018.jpg\",\"contentUrl\":\"https:\\\/\\\/junge-erwachsene-mit-krebs.de\\\/wp-content\\\/uploads\\\/2018\\\/09\\\/Logo_DSfjEmK-2018.jpg\",\"width\":1000,\"height\":1000,\"caption\":\"Deutsche Stiftung f\u00fcr junge Erwachsene mit Krebs\"},\"image\":{\"@id\":\"https:\\\/\\\/junge-erwachsene-mit-krebs.de\\\/#\\\/schema\\\/logo\\\/image\\\/\"}}]}<\/script>\n<!-- \/ Yoast SEO plugin. -->","yoast_head_json":{"title":"Jung & Krebs - Aachen - Leben mit Krebs Aachen - DSFJEMK","robots":{"index":"index","follow":"follow","max-snippet":"max-snippet:-1","max-image-preview":"max-image-preview:large","max-video-preview":"max-video-preview:-1"},"canonical":"https:\/\/junge-erwachsene-mit-krebs.de\/en\/locations\/jung-krebs-aachen-leben-mit-krebs-aachen\/","og_locale":"en_US","og_type":"article","og_title":"Jung & Krebs - Aachen - Leben mit Krebs Aachen - DSFJEMK","og_description":"Jung &#038; Krebs ist eine Gruppe junger Menschen mit oder nach einer Krebserkrankung. Regelm\u00e4\u00dfig, immer am 1. Dienstag des Monats, findet ein Stammtisch statt und es werden gemeinsame Aktivit\u00e4ten organisiert, zu denen auch Angeh\u00f6rige herzlich eingeladen sind.","og_url":"https:\/\/junge-erwachsene-mit-krebs.de\/en\/locations\/jung-krebs-aachen-leben-mit-krebs-aachen\/","og_site_name":"DSFJEMK","article_modified_time":"2025-04-01T12:53:26+00:00","twitter_card":"summary_large_image","schema":{"@context":"https:\/\/schema.org","@graph":[{"@type":"WebPage","@id":"https:\/\/junge-erwachsene-mit-krebs.de\/en\/locations\/jung-krebs-aachen-leben-mit-krebs-aachen\/","url":"https:\/\/junge-erwachsene-mit-krebs.de\/en\/locations\/jung-krebs-aachen-leben-mit-krebs-aachen\/","name":"Jung & Krebs - Aachen - Leben mit Krebs Aachen - DSFJEMK","isPartOf":{"@id":"https:\/\/junge-erwachsene-mit-krebs.de\/#website"},"datePublished":"2019-01-17T10:06:01+00:00","dateModified":"2025-04-01T12:53:26+00:00","breadcrumb":{"@id":"https:\/\/junge-erwachsene-mit-krebs.de\/en\/locations\/jung-krebs-aachen-leben-mit-krebs-aachen\/#breadcrumb"},"inLanguage":"en-US","potentialAction":[{"@type":"ReadAction","target":["https:\/\/junge-erwachsene-mit-krebs.de\/en\/locations\/jung-krebs-aachen-leben-mit-krebs-aachen\/"]}]},{"@type":"BreadcrumbList","@id":"https:\/\/junge-erwachsene-mit-krebs.de\/en\/locations\/jung-krebs-aachen-leben-mit-krebs-aachen\/#breadcrumb","itemListElement":[{"@type":"ListItem","position":1,"name":"Startseite","item":"https:\/\/junge-erwachsene-mit-krebs.de\/en\/"},{"@type":"ListItem","position":2,"name":"Jung &#038; Krebs &#8211; Aachen &#8211; Leben mit Krebs Aachen"}]},{"@type":"WebSite","@id":"https:\/\/junge-erwachsene-mit-krebs.de\/#website","url":"https:\/\/junge-erwachsene-mit-krebs.de\/","name":"DSFJEMK","description":"Deutsche Stiftung f\u00fcr junge Erwachsene mit Krebs","publisher":{"@id":"https:\/\/junge-erwachsene-mit-krebs.de\/#organization"},"potentialAction":[{"@type":"SearchAction","target":{"@type":"EntryPoint","urlTemplate":"https:\/\/junge-erwachsene-mit-krebs.de\/?s={search_term_string}"},"query-input":{"@type":"PropertyValueSpecification","valueRequired":true,"valueName":"search_term_string"}}],"inLanguage":"en-US"},{"@type":"Organization","@id":"https:\/\/junge-erwachsene-mit-krebs.de\/#organization","name":"Deutsche Stiftung f\u00fcr junge Erwachsene mit Krebs","url":"https:\/\/junge-erwachsene-mit-krebs.de\/","logo":{"@type":"ImageObject","inLanguage":"en-US","@id":"https:\/\/junge-erwachsene-mit-krebs.de\/#\/schema\/logo\/image\/","url":"https:\/\/junge-erwachsene-mit-krebs.de\/wp-content\/uploads\/2018\/09\/Logo_DSfjEmK-2018.jpg","contentUrl":"https:\/\/junge-erwachsene-mit-krebs.de\/wp-content\/uploads\/2018\/09\/Logo_DSfjEmK-2018.jpg","width":1000,"height":1000,"caption":"Deutsche Stiftung f\u00fcr junge Erwachsene mit Krebs"},"image":{"@id":"https:\/\/junge-erwachsene-mit-krebs.de\/#\/schema\/logo\/image\/"}}]}},"_links":{"self":[{"href":"https:\/\/junge-erwachsene-mit-krebs.de\/en\/wp-json\/wp\/v2\/location\/7583","targetHints":{"allow":["GET"]}}],"collection":[{"href":"https:\/\/junge-erwachsene-mit-krebs.de\/en\/wp-json\/wp\/v2\/location"}],"about":[{"href":"https:\/\/junge-erwachsene-mit-krebs.de\/en\/wp-json\/wp\/v2\/types\/location"}],"author":[{"embeddable":true,"href":"https:\/\/junge-erwachsene-mit-krebs.de\/en\/wp-json\/wp\/v2\/users\/5"}],"wp:attachment":[{"href":"https:\/\/junge-erwachsene-mit-krebs.de\/en\/wp-json\/wp\/v2\/media?parent=7583"}],"curies":[{"name":"wp","href":"https:\/\/api.w.org\/{rel}","templated":true}]}}