{"id":8451,"date":"2019-02-19T15:58:37","date_gmt":"2019-02-19T14:58:37","guid":{"rendered":"https:\/\/junge-erwachsene-mit-krebs.de\/jung-krebs\/gesichter\/"},"modified":"2021-12-22T10:34:19","modified_gmt":"2021-12-22T09:34:19","slug":"faces","status":"publish","type":"page","link":"https:\/\/junge-erwachsene-mit-krebs.de\/en\/youth-cancer\/faces\/","title":{"rendered":"Faces"},"content":{"rendered":"<p>[av_textblock size=&#8221; font_color=&#8221; color=&#8221; av-medium-font-size=&#8221; av-small-font-size=&#8221; av-mini-font-size=&#8221; av_uid=&#8217;av-jlp6l3ce&#8217; custom_class=&#8221; admin_preview_bg=&#8221;]<\/p>\n<h2 style=\"text-align: center;\">Gesichter<\/h2>\n<p>[\/av_textblock]<\/p>\n<p>[av_slideshow size=&#8217;no scaling&#8217; animation=&#8217;slide&#8217; conditional_play=&#8221; autoplay=&#8217;true&#8217; interval=&#8217;5&#8242; control_layout=&#8217;av-control-default&#8217; av_uid=&#8217;av-jm3t75sg&#8217; custom_class=&#8221;]<br \/>\n[av_slide slide_type=&#8217;image&#8217; id=&#8217;4219&#8242; video=&#8217;https:\/\/&#8217; mobile_image=&#8221; fallback_link=&#8217;http:\/\/&#8217; video_ratio=&#8217;16:9&#8242; title=&#8221; link_apply=&#8217;image&#8217; link=&#8217;manually,https:\/\/junge-erwachsene-mit-krebs.de\/youth-cancer\/faces\/bernd\/?lang=en&#8217; link_target=&#8221; av-medium-font-size-title=&#8221; av-small-font-size-title=&#8221; av-mini-font-size-title=&#8221; av-medium-font-size=&#8221; av-small-font-size=&#8221; av-mini-font-size=&#8221; av_uid=&#8217;av-4tnsh8&#8242; video_controls=&#8221; video_mute=&#8221; video_loop=&#8221; video_autoplay=&#8221;]<br \/>\nBernd<br \/>\n[\/av_slide]<br \/>\n[av_slide slide_type=&#8217;image&#8217; id=&#8217;13983&#8242; video=&#8217;https:\/\/&#8217; mobile_image=&#8221; fallback_link=&#8217;http:\/\/&#8217; video_ratio=&#8217;16:9&#8242; title=&#8221; link_apply=&#8217;image&#8217; link=&#8217;manually,https:\/\/junge-erwachsene-mit-krebs.de\/jung-und-krebs\/gesichter\/jette\/&#8217; link_target=&#8221; av-medium-font-size-title=&#8221; av-small-font-size-title=&#8221; av-mini-font-size-title=&#8221; av-medium-font-size=&#8221; av-small-font-size=&#8221; av-mini-font-size=&#8221; av_uid=&#8217;av-9t7hdo&#8217;]<br \/>\nJette<br \/>\n[\/av_slide]<br \/>\n[av_slide slide_type=&#8217;image&#8217; id=&#8217;13985&#8242; video=&#8217;https:\/\/&#8217; mobile_image=&#8221; fallback_link=&#8217;http:\/\/&#8217; video_ratio=&#8217;16:9&#8242; title=&#8221; link_apply=&#8217;image&#8217; link=&#8217;manually,https:\/\/junge-erwachsene-mit-krebs.de\/jung-und-krebs\/gesichter\/johanna\/&#8217; link_target=&#8221; av-medium-font-size-title=&#8221; av-small-font-size-title=&#8221; av-mini-font-size-title=&#8221; av-medium-font-size=&#8221; av-small-font-size=&#8221; av-mini-font-size=&#8221; av_uid=&#8217;av-82ew7g&#8217;]<br \/>\nJohanna<br \/>\n[\/av_slide]<br \/>\n[av_slide slide_type=&#8217;image&#8217; id=&#8217;4321&#8242; video=&#8217;https:\/\/&#8217; mobile_image=&#8221; fallback_link=&#8217;http:\/\/&#8217; video_ratio=&#8217;16:9&#8242; title=&#8221; link_apply=&#8217;image&#8217; link=&#8217;manually,https:\/\/junge-erwachsene-mit-krebs.de\/youth-cancer\/faces\/lisa\/?lang=en&#8217; link_target=&#8221; av-medium-font-size-title=&#8221; av-small-font-size-title=&#8221; av-mini-font-size-title=&#8221; av-medium-font-size=&#8221; av-small-font-size=&#8221; av-mini-font-size=&#8221; av_uid=&#8217;av-1v7230&#8242; video_controls=&#8221; video_mute=&#8221; video_loop=&#8221; video_autoplay=&#8221;]<br \/>\nLisa<br \/>\n[\/av_slide]<br \/>\n[av_slide slide_type=&#8217;image&#8217; id=&#8217;4319&#8242; video=&#8217;https:\/\/&#8217; mobile_image=&#8221; fallback_link=&#8217;http:\/\/&#8217; video_ratio=&#8217;16:9&#8242; title=&#8221; link_apply=&#8217;image&#8217; link=&#8217;manually,https:\/\/junge-erwachsene-mit-krebs.de\/youth-cancer\/faces\/nadine\/?lang=en&#8217; link_target=&#8221; av-medium-font-size-title=&#8221; av-small-font-size-title=&#8221; av-mini-font-size-title=&#8221; av-medium-font-size=&#8221; av-small-font-size=&#8221; av-mini-font-size=&#8221; av_uid=&#8217;av-858hm4&#8242; video_controls=&#8221; video_mute=&#8221; video_loop=&#8221; video_autoplay=&#8221;]<br \/>\nNadine<br \/>\n[\/av_slide]<br \/>\n[av_slide slide_type=&#8217;image&#8217; id=&#8217;13987&#8242; video=&#8217;https:\/\/&#8217; mobile_image=&#8221; fallback_link=&#8217;http:\/\/&#8217; video_ratio=&#8217;16:9&#8242; title=&#8221; link_apply=&#8217;image&#8217; link=&#8217;manually,https:\/\/junge-erwachsene-mit-krebs.de\/jung-und-krebs\/gesichter\/natascha\/&#8217; link_target=&#8221; av-medium-font-size-title=&#8221; av-small-font-size-title=&#8221; av-mini-font-size-title=&#8221; av-medium-font-size=&#8221; av-small-font-size=&#8221; av-mini-font-size=&#8221; av_uid=&#8217;av-5tyl8c&#8217;]<br \/>\nNatascha<br \/>\n[\/av_slide]<br \/>\n[av_slide slide_type=&#8217;image&#8217; id=&#8217;13989&#8242; video=&#8217;https:\/\/&#8217; mobile_image=&#8221; fallback_link=&#8217;http:\/\/&#8217; video_ratio=&#8217;16:9&#8242; title=&#8221; link_apply=&#8217;image&#8217; link=&#8217;manually,https:\/\/junge-erwachsene-mit-krebs.de\/jung-und-krebs\/gesichter\/patrick\/&#8217; link_target=&#8221; av-medium-font-size-title=&#8221; av-small-font-size-title=&#8221; av-mini-font-size-title=&#8221; av-medium-font-size=&#8221; av-small-font-size=&#8221; av-mini-font-size=&#8221; av_uid=&#8217;av-4pjoos&#8217;]<br \/>\nPatrick<br \/>\n[\/av_slide]<br \/>\n[av_slide slide_type=&#8217;image&#8217; id=&#8217;13977&#8242; video=&#8217;https:\/\/&#8217; mobile_image=&#8221; fallback_link=&#8217;http:\/\/&#8217; video_ratio=&#8217;16:9&#8242; title=&#8221; link_apply=&#8217;image&#8217; link=&#8217;manually,https:\/\/junge-erwachsene-mit-krebs.de\/jung-und-krebs\/gesichter\/sandra\/&#8217; link_target=&#8221; av-medium-font-size-title=&#8221; av-small-font-size-title=&#8221; av-mini-font-size-title=&#8221; av-medium-font-size=&#8221; av-small-font-size=&#8221; av-mini-font-size=&#8221; av_uid=&#8217;av-2ri930&#8242; video_controls=&#8221; video_mute=&#8221; video_loop=&#8221; video_autoplay=&#8221;]<br \/>\nSandra<br \/>\n[\/av_slide]<br \/>\n[av_slide slide_type=&#8217;image&#8217; id=&#8217;4320&#8242; video=&#8217;https:\/\/&#8217; mobile_image=&#8221; fallback_link=&#8217;http:\/\/&#8217; video_ratio=&#8217;16:9&#8242; title=&#8221; link_apply=&#8217;image&#8217; link=&#8217;manually,https:\/\/junge-erwachsene-mit-krebs.de\/youth-cancer\/faces\/steffi\/?lang=en&#8217; link_target=&#8221; av-medium-font-size-title=&#8221; av-small-font-size-title=&#8221; av-mini-font-size-title=&#8221; av-medium-font-size=&#8221; av-small-font-size=&#8221; av-mini-font-size=&#8221; av_uid=&#8217;av-5th0ik&#8217; video_controls=&#8221; video_mute=&#8221; video_loop=&#8221; video_autoplay=&#8221;]<br \/>\nSteffi<br \/>\n[\/av_slide]<br \/>\n[av_slide slide_type=&#8217;image&#8217; id=&#8217;13981&#8242; video=&#8217;https:\/\/&#8217; mobile_image=&#8221; fallback_link=&#8217;http:\/\/&#8217; video_ratio=&#8217;16:9&#8242; title=&#8221; link_apply=&#8217;image&#8217; link=&#8217;manually,https:\/\/junge-erwachsene-mit-krebs.de\/jung-und-krebs\/gesichter\/stephan\/&#8217; link_target=&#8221; av-medium-font-size-title=&#8221; av-small-font-size-title=&#8221; av-mini-font-size-title=&#8221; av-medium-font-size=&#8221; av-small-font-size=&#8221; av-mini-font-size=&#8221; av_uid=&#8217;av-2cizi4&#8242;]<br \/>\nStephan<br \/>\n[\/av_slide]<br \/>\n[\/av_slideshow]<\/p>\n<p>[av_textblock size=&#8221; font_color=&#8221; color=&#8221; av-medium-font-size=&#8221; av-small-font-size=&#8221; av-mini-font-size=&#8221; av_uid=&#8217;av-jm0pqi9n&#8217; custom_class=&#8221; admin_preview_bg=&#8221;]<\/p>\n<h3 style=\"text-align: center;\">Die Stiftung im Gespr\u00e4ch mit Patientinnen und Patienten<\/h3>\n<p>Krebs bei jungen Erwachsenen hat andere Auswirkungen als bei Kindern oder \u00e4lteren Menschen. Wir haben Patientinnen und Patienten besucht und mit ihnen \u00fcber ihre Krebserkrankung gesprochen.<br \/>\n[\/av_textblock]<\/p>\n<p>[av_iconlist position=&#8217;left&#8217; iconlist_styling=&#8217;av-iconlist-small&#8217; custom_title_size=&#8221; custom_content_size=&#8221; font_color=&#8221; custom_title=&#8221; custom_content=&#8221; color=&#8221; custom_bg=&#8221; custom_font=&#8221; custom_border=&#8221; av-medium-font-size-title=&#8221; av-small-font-size-title=&#8221; av-mini-font-size-title=&#8221; av-medium-font-size=&#8221; av-small-font-size=&#8221; av-mini-font-size=&#8221; av_uid=&#8217;av-jm0kfzed&#8217; custom_class=&#8221; admin_preview_bg=&#8221;]<br \/>\n[av_iconlist_item title=&#8217;Hier k\u00f6nnen Sie die Videos mit ihren Interviews zum Leben mit Krebs, zu ihren Hoffnungen und Erfahrungen ansehen&#8217; link=&#8217;manually,https:\/\/www.youtube.com\/playlist?list=PL6RimTJ448evtOFm8EYmnjcQcmPtPR8g_&#8217; linktarget=&#8217;_blank&#8217; linkelement=&#8217;both&#8217; icon=&#8217;ue86c&#8217; font=&#8217;entypo-fontello&#8217; av_uid=&#8217;av-2izbp8&#8242;][\/av_iconlist_item]<br \/>\n[\/av_iconlist]<\/p>\n<p>[av_textblock size=&#8221; font_color=&#8221; color=&#8221; av-medium-font-size=&#8221; av-small-font-size=&#8221; av-mini-font-size=&#8221; av_uid=&#8217;av-jndbuysm&#8217; custom_class=&#8221; admin_preview_bg=&#8221;]<br \/>\nErfahren Sie, wie junge Erwachsene mit ihrer Krankheit umgehen und \u201eGesicht zeigen\u201c. Wir danken allen hier vorgestellten Patientinnen und Patienten f\u00fcr ihren Mut und ihre Offenheit. Von diesem ehrenamtlichen Engagement lebt die Stiftung.<\/p>\n<p>Im Jahr 2019 entwickelten wir gemeinsam mit den Gesichtern der Stiftung eine <a href=\"https:\/\/junge-erwachsene-mit-krebs.de\/wp-content\/uploads\/2020\/06\/Portrait-Rollup-Banner_DRUCK.pdf\" target=\"_blank\" rel=\"noopener\"><strong>Roll-Up-Ausstellung<\/strong><\/a>, die die \u00d6ffentlichkeit \u00fcber das Thema &#8220;junge Erwachsene mit Krebs&#8221; aufkl\u00e4ren soll. So geben wir den jungen Betroffenen eine Stimme in der \u00d6ffentlichkeit und zeigen die Geschichten hinter dem Krebs. Alle Teilnehmerinnen und Teilnehmer am Projekt \u201eGesicht zeigen\u201c engagieren sich in den TREFFPUNKTEN der Deutschen Stiftung f\u00fcr junge Erwachsene mit Krebs.<\/p>\n<p>Die Ausstellung ist als Wanderausstellung konzipiert und kann bei Interesse von Kliniken, Forschungseinrichtungen und anderen im Gesundheitsbereich t\u00e4tigen Institutionen ausgeliehen werden. Schreiben Sie daf\u00fcr einfach eine E-Mail an <a href=\"mailto:info@dsfjemk-new.localhost\"><strong>info@dsfjemk-new.localhost<\/strong><\/a> und geben den Betreff &#8220;Ausstellung &#8211; Gesicht zeigen&#8221; an.<br \/>\n[\/av_textblock]<\/p>\n<p>[av_section min_height=&#8221; min_height_px=&#8217;500px&#8217; padding=&#8217;default&#8217; shadow=&#8217;no-border-styling&#8217; bottom_border=&#8217;no-border-styling&#8217; bottom_border_diagonal_color=&#8217;#333333&#8242; bottom_border_diagonal_direction=&#8221; bottom_border_style=&#8221; custom_arrow_bg=&#8221; id=&#8221; color=&#8217;main_color&#8217; background=&#8217;bg_color&#8217; custom_bg=&#8217;#f6f6f6&#8242; background_gradient_color1=&#8221; background_gradient_color2=&#8221; background_gradient_direction=&#8217;vertical&#8217; src=&#8221; attachment=&#8221; attachment_size=&#8221; attach=&#8217;scroll&#8217; position=&#8217;top left&#8217; repeat=&#8217;no-repeat&#8217; video=&#8221; video_ratio=&#8217;16:9&#8242; overlay_opacity=&#8217;0.5&#8242; overlay_color=&#8221; overlay_pattern=&#8221; overlay_custom_pattern=&#8221; av_element_hidden_in_editor=&#8217;0&#8242; av_uid=&#8217;av-jlcb7iaz&#8217; custom_class=&#8221;]<br \/>\n[av_one_half first min_height=&#8221; vertical_alignment=&#8221; space=&#8221; custom_margin=&#8221; margin=&#8217;0px&#8217; link=&#8221; linktarget=&#8221; link_hover=&#8221; padding=&#8217;0px&#8217; border=&#8221; border_color=&#8221; radius=&#8217;0px&#8217; background=&#8217;bg_color&#8217; background_color=&#8221; background_gradient_color1=&#8221; background_gradient_color2=&#8221; background_gradient_direction=&#8217;vertical&#8217; src=&#8221; background_position=&#8217;top left&#8217; background_repeat=&#8217;no-repeat&#8217; animation=&#8221; mobile_breaking=&#8221; mobile_display=&#8221; av_uid=&#8217;av-4whd&#8217;]<\/p>\n<p>[av_icon_box position=&#8217;top&#8217; icon_style=&#8221; boxed=&#8221; icon=&#8217;1&#8242; font=&#8217;entypo-fontello&#8217; title=&#8217;Bernd&#8217; link=&#8217;manually,https:\/\/junge-erwachsene-mit-krebs.de\/youth-cancer\/faces\/bernd\/?lang=en&#8217; linktarget=&#8221; linkelement=&#8221; font_color=&#8221; custom_title=&#8221; custom_content=&#8221; color=&#8221; custom_bg=&#8221; custom_font=&#8221; custom_border=&#8221; av-medium-font-size-title=&#8221; av-small-font-size-title=&#8221; av-mini-font-size-title=&#8221; av-medium-font-size=&#8221; av-small-font-size=&#8221; av-mini-font-size=&#8221; av_uid=&#8217;av-jlcb4zdi&#8217; custom_class=&#8217;no_symbol&#8217; admin_preview_bg=&#8221;]<br \/>\n<img loading=\"lazy\" decoding=\"async\" class=\"alignnone size-medium wp-image-4217\" src=\"https:\/\/junge-erwachsene-mit-krebs.de\/wp-content\/uploads\/2018\/09\/Bernd-01-300x200.jpg\" alt=\"\" width=\"300\" height=\"200\" srcset=\"https:\/\/junge-erwachsene-mit-krebs.de\/wp-content\/uploads\/2018\/09\/Bernd-01-300x200.jpg 300w, https:\/\/junge-erwachsene-mit-krebs.de\/wp-content\/uploads\/2018\/09\/Bernd-01-768x512.jpg 768w, https:\/\/junge-erwachsene-mit-krebs.de\/wp-content\/uploads\/2018\/09\/Bernd-01-1030x686.jpg 1030w, https:\/\/junge-erwachsene-mit-krebs.de\/wp-content\/uploads\/2018\/09\/Bernd-01-705x470.jpg 705w, https:\/\/junge-erwachsene-mit-krebs.de\/wp-content\/uploads\/2018\/09\/Bernd-01-450x300.jpg 450w, https:\/\/junge-erwachsene-mit-krebs.de\/wp-content\/uploads\/2018\/09\/Bernd-01.jpg 1400w\" sizes=\"auto, (max-width: 300px) 100vw, 300px\" \/><\/p>\n<p>22, Elektroniker<br \/>\nDarmkrebs*<\/p>\n<p><a href=\"https:\/\/junge-erwachsene-mit-krebs.de\/jung-und-krebs\/gesichter\/bernd\/\" rel=\"noopener\">MEHR ERFAHREN<\/a><br \/>\n[\/av_icon_box]<\/p>\n<p>[\/av_one_half][av_one_half min_height=&#8221; vertical_alignment=&#8221; space=&#8221; custom_margin=&#8221; margin=&#8217;0px&#8217; link=&#8221; linktarget=&#8221; link_hover=&#8221; padding=&#8217;0px&#8217; border=&#8221; border_color=&#8221; radius=&#8217;0px&#8217; background=&#8217;bg_color&#8217; background_color=&#8221; background_gradient_color1=&#8221; background_gradient_color2=&#8221; background_gradient_direction=&#8217;vertical&#8217; src=&#8221; background_position=&#8217;top left&#8217; background_repeat=&#8217;no-repeat&#8217; animation=&#8221; mobile_breaking=&#8221; mobile_display=&#8221; av_uid=&#8217;av-474b&#8217;]<\/p>\n<p>[av_icon_box position=&#8217;top&#8217; icon_style=&#8221; boxed=&#8221; icon=&#8217;1&#8242; font=&#8217;entypo-fontello&#8217; title=&#8217;Jette&#8217; link=&#8217;manually,https:\/\/junge-erwachsene-mit-krebs.de\/jung-und-krebs\/gesichter\/jette\/&#8217; linktarget=&#8221; linkelement=&#8221; font_color=&#8221; custom_title=&#8221; custom_content=&#8221; color=&#8221; custom_bg=&#8221; custom_font=&#8221; custom_border=&#8221; av-medium-font-size-title=&#8221; av-small-font-size-title=&#8221; av-mini-font-size-title=&#8221; av-medium-font-size=&#8221; av-small-font-size=&#8221; av-mini-font-size=&#8221; av_uid=&#8217;av-jlcb4zdi&#8217; custom_class=&#8217;no_symbol&#8217; admin_preview_bg=&#8221;]<br \/>\n<img loading=\"lazy\" decoding=\"async\" class=\"alignnone wp-image-13983 size-medium\" src=\"https:\/\/junge-erwachsene-mit-krebs.de\/wp-content\/uploads\/2020\/06\/Jette-Online-scaled-e1592396684241-300x200.jpg\" alt=\"\" width=\"300\" height=\"200\" \/><\/p>\n<p>16, Studentin,<br \/>\nAkute Lymphatische Leuk\u00e4mie*<\/p>\n<p><a href=\"https:\/\/junge-erwachsene-mit-krebs.de\/jung-und-krebs\/gesichter\/jette\/\" rel=\"noopener\">MEHR ERFAHREN<\/a><br \/>\n[\/av_icon_box]<\/p>\n<p>[\/av_one_half][av_one_half first min_height=&#8221; vertical_alignment=&#8221; space=&#8221; custom_margin=&#8221; margin=&#8217;0px&#8217; link=&#8221; linktarget=&#8221; link_hover=&#8221; padding=&#8217;0px&#8217; border=&#8221; border_color=&#8221; radius=&#8217;0px&#8217; background=&#8217;bg_color&#8217; background_color=&#8221; background_gradient_color1=&#8221; background_gradient_color2=&#8221; background_gradient_direction=&#8217;vertical&#8217; src=&#8221; background_position=&#8217;top left&#8217; background_repeat=&#8217;no-repeat&#8217; animation=&#8221; mobile_breaking=&#8221; mobile_display=&#8221; av_uid=&#8217;av-474b&#8217;]<\/p>\n<p>[av_icon_box position=&#8217;top&#8217; icon_style=&#8221; boxed=&#8221; icon=&#8217;1&#8242; font=&#8217;entypo-fontello&#8217; title=&#8217;Johanna&#8217; link=&#8217;manually,https:\/\/junge-erwachsene-mit-krebs.de\/jung-und-krebs\/gesichter\/johanna\/&#8217; linktarget=&#8221; linkelement=&#8221; font_color=&#8221; custom_title=&#8221; custom_content=&#8221; color=&#8221; custom_bg=&#8221; custom_font=&#8221; custom_border=&#8221; av-medium-font-size-title=&#8221; av-small-font-size-title=&#8221; av-mini-font-size-title=&#8221; av-medium-font-size=&#8221; av-small-font-size=&#8221; av-mini-font-size=&#8221; av_uid=&#8217;av-jlcb4zdi&#8217; custom_class=&#8217;no_symbol&#8217; admin_preview_bg=&#8221;]<br \/>\n<img loading=\"lazy\" decoding=\"async\" class=\"alignnone wp-image-13985 size-medium\" src=\"https:\/\/junge-erwachsene-mit-krebs.de\/wp-content\/uploads\/2020\/06\/Johanna-Online-scaled-e1592396726471-300x200.jpg\" alt=\"\" width=\"300\" height=\"200\" \/><\/p>\n<p>30, S\u00e4ngerin &#038; Vocal Coach,<br \/>\nBrustkrebs*<\/p>\n<p><a href=\"https:\/\/junge-erwachsene-mit-krebs.de\/jung-und-krebs\/gesichter\/johanna\/\" rel=\"noopener\">MEHR ERFAHREN<\/a><br \/>\n[\/av_icon_box]<\/p>\n<p>[\/av_one_half][av_one_half min_height=&#8221; vertical_alignment=&#8221; space=&#8221; custom_margin=&#8221; margin=&#8217;0px&#8217; link=&#8221; linktarget=&#8221; link_hover=&#8221; padding=&#8217;0px&#8217; border=&#8221; border_color=&#8221; radius=&#8217;0px&#8217; background=&#8217;bg_color&#8217; background_color=&#8221; background_gradient_color1=&#8221; background_gradient_color2=&#8221; background_gradient_direction=&#8217;vertical&#8217; src=&#8221; background_position=&#8217;top left&#8217; background_repeat=&#8217;no-repeat&#8217; animation=&#8221; mobile_breaking=&#8221; mobile_display=&#8221; av_uid=&#8217;av-4whd&#8217;]<\/p>\n<p>[av_icon_box position=&#8217;top&#8217; icon_style=&#8221; boxed=&#8221; icon=&#8217;1&#8242; font=&#8217;entypo-fontello&#8217; title=&#8217;Lisa&#8217; link=&#8217;manually,https:\/\/junge-erwachsene-mit-krebs.de\/youth-cancer\/faces\/lisa\/?lang=en&#8217; linktarget=&#8221; linkelement=&#8221; font_color=&#8221; custom_title=&#8221; custom_content=&#8221; color=&#8221; custom_bg=&#8221; custom_font=&#8221; custom_border=&#8221; av-medium-font-size-title=&#8221; av-small-font-size-title=&#8221; av-mini-font-size-title=&#8221; av-medium-font-size=&#8221; av-small-font-size=&#8221; av-mini-font-size=&#8221; av_uid=&#8217;av-jlcb4zdi&#8217; custom_class=&#8217;no_symbol&#8217; admin_preview_bg=&#8221;]<br \/>\n<img loading=\"lazy\" decoding=\"async\" class=\"size-medium wp-image-4213\" src=\"https:\/\/junge-erwachsene-mit-krebs.de\/wp-content\/uploads\/2018\/09\/Lisa-03-300x200.jpg\" alt=\"\" width=\"300\" height=\"200\" srcset=\"https:\/\/junge-erwachsene-mit-krebs.de\/wp-content\/uploads\/2018\/09\/Lisa-03-300x200.jpg 300w, https:\/\/junge-erwachsene-mit-krebs.de\/wp-content\/uploads\/2018\/09\/Lisa-03-768x512.jpg 768w, https:\/\/junge-erwachsene-mit-krebs.de\/wp-content\/uploads\/2018\/09\/Lisa-03-1030x687.jpg 1030w, https:\/\/junge-erwachsene-mit-krebs.de\/wp-content\/uploads\/2018\/09\/Lisa-03-1500x1000.jpg 1500w, https:\/\/junge-erwachsene-mit-krebs.de\/wp-content\/uploads\/2018\/09\/Lisa-03-705x470.jpg 705w, https:\/\/junge-erwachsene-mit-krebs.de\/wp-content\/uploads\/2018\/09\/Lisa-03-450x300.jpg 450w, https:\/\/junge-erwachsene-mit-krebs.de\/wp-content\/uploads\/2018\/09\/Lisa-03.jpg 1900w\" sizes=\"auto, (max-width: 300px) 100vw, 300px\" \/><\/p>\n<p>21, Gro\u00df- und Au\u00dfenhandelskauffrau,<br \/>\nHodgkin Lymphom*<\/p>\n<p><a href=\"https:\/\/junge-erwachsene-mit-krebs.de\/jung-und-krebs\/gesichter\/lisa\/\" rel=\"noopener\">MEHR ERFAHREN<\/a><br \/>\n[\/av_icon_box]<\/p>\n<p>[\/av_one_half][av_one_half first min_height=&#8221; vertical_alignment=&#8221; space=&#8221; custom_margin=&#8221; margin=&#8217;0px&#8217; link=&#8221; linktarget=&#8221; link_hover=&#8221; padding=&#8217;0px&#8217; border=&#8221; border_color=&#8221; radius=&#8217;0px&#8217; background=&#8217;bg_color&#8217; background_color=&#8221; background_gradient_color1=&#8221; background_gradient_color2=&#8221; background_gradient_direction=&#8217;vertical&#8217; src=&#8221; background_position=&#8217;top left&#8217; background_repeat=&#8217;no-repeat&#8217; animation=&#8221; mobile_breaking=&#8221; mobile_display=&#8221; av_uid=&#8217;av-474b&#8217;]<\/p>\n<p>[av_icon_box position=&#8217;top&#8217; icon_style=&#8221; boxed=&#8221; icon=&#8217;1&#8242; font=&#8217;entypo-fontello&#8217; title=&#8217;Natascha&#8217; link=&#8217;manually,https:\/\/junge-erwachsene-mit-krebs.de\/jung-und-krebs\/gesichter\/natascha\/&#8217; linktarget=&#8221; linkelement=&#8221; font_color=&#8221; custom_title=&#8221; custom_content=&#8221; color=&#8221; custom_bg=&#8221; custom_font=&#8221; custom_border=&#8221; av-medium-font-size-title=&#8221; av-small-font-size-title=&#8221; av-mini-font-size-title=&#8221; av-medium-font-size=&#8221; av-small-font-size=&#8221; av-mini-font-size=&#8221; av_uid=&#8217;av-jlcb4zdi&#8217; custom_class=&#8217;no_symbol&#8217; admin_preview_bg=&#8221;]<br \/>\n<img loading=\"lazy\" decoding=\"async\" class=\"alignnone wp-image-13987 size-medium\" src=\"https:\/\/junge-erwachsene-mit-krebs.de\/wp-content\/uploads\/2020\/06\/Natascha-Online-scaled-e1592396785744-300x200.jpg\" alt=\"\" width=\"300\" height=\"200\" \/><\/p>\n<p>30, Referentin f\u00fcr Erneuerbare Energien,<br \/>\nAkute Myeloische Leuk\u00e4mie*<\/p>\n<p><a href=\"https:\/\/junge-erwachsene-mit-krebs.de\/jung-und-krebs\/gesichter\/natascha\/\" rel=\"noopener\">MEHR ERFAHREN<\/a><br \/>\n[\/av_icon_box]<\/p>\n<p>[\/av_one_half][av_one_half min_height=&#8221; vertical_alignment=&#8221; space=&#8221; custom_margin=&#8221; margin=&#8217;0px&#8217; link=&#8221; linktarget=&#8221; link_hover=&#8221; padding=&#8217;0px&#8217; border=&#8221; border_color=&#8221; radius=&#8217;0px&#8217; background=&#8217;bg_color&#8217; background_color=&#8221; background_gradient_color1=&#8221; background_gradient_color2=&#8221; background_gradient_direction=&#8217;vertical&#8217; src=&#8221; background_position=&#8217;top left&#8217; background_repeat=&#8217;no-repeat&#8217; animation=&#8221; mobile_breaking=&#8221; mobile_display=&#8221; av_uid=&#8217;av-474b&#8217;]<\/p>\n<p>[av_icon_box position=&#8217;top&#8217; icon_style=&#8221; boxed=&#8221; icon=&#8217;1&#8242; font=&#8217;entypo-fontello&#8217; title=&#8217;Nadine&#8217; link=&#8217;manually,https:\/\/junge-erwachsene-mit-krebs.de\/youth-cancer\/faces\/nadine\/?lang=en&#8217; linktarget=&#8221; linkelement=&#8221; font_color=&#8221; custom_title=&#8221; custom_content=&#8221; color=&#8221; custom_bg=&#8221; custom_font=&#8221; custom_border=&#8221; av-medium-font-size-title=&#8221; av-small-font-size-title=&#8221; av-mini-font-size-title=&#8221; av-medium-font-size=&#8221; av-small-font-size=&#8221; av-mini-font-size=&#8221; av_uid=&#8217;av-jlcb4zdi&#8217; custom_class=&#8217;no_symbol&#8217; admin_preview_bg=&#8221;]<br \/>\n<img loading=\"lazy\" decoding=\"async\" class=\"alignnone size-medium wp-image-4230\" src=\"https:\/\/junge-erwachsene-mit-krebs.de\/wp-content\/uploads\/2018\/09\/Nadine-03-300x200.jpg\" alt=\"\" width=\"300\" height=\"200\" srcset=\"https:\/\/junge-erwachsene-mit-krebs.de\/wp-content\/uploads\/2018\/09\/Nadine-03-300x200.jpg 300w, https:\/\/junge-erwachsene-mit-krebs.de\/wp-content\/uploads\/2018\/09\/Nadine-03-768x512.jpg 768w, https:\/\/junge-erwachsene-mit-krebs.de\/wp-content\/uploads\/2018\/09\/Nadine-03-1030x686.jpg 1030w, https:\/\/junge-erwachsene-mit-krebs.de\/wp-content\/uploads\/2018\/09\/Nadine-03-705x470.jpg 705w, https:\/\/junge-erwachsene-mit-krebs.de\/wp-content\/uploads\/2018\/09\/Nadine-03-450x300.jpg 450w, https:\/\/junge-erwachsene-mit-krebs.de\/wp-content\/uploads\/2018\/09\/Nadine-03.jpg 1400w\" sizes=\"auto, (max-width: 300px) 100vw, 300px\" \/><\/p>\n<p>33, Ehrenamtliche Mitarbeiterin in einem Fotoprojekt,<br \/>\nNebennierenkarzinom*<\/p>\n<p><a href=\"https:\/\/junge-erwachsene-mit-krebs.de\/jung-und-krebs\/gesichter\/nadine\/\" rel=\"noopener\">MEHR ERFAHREN<\/a><br \/>\n[\/av_icon_box]<\/p>\n<p>[\/av_one_half][av_one_half first min_height=&#8221; vertical_alignment=&#8221; space=&#8221; custom_margin=&#8221; margin=&#8217;0px&#8217; link=&#8221; linktarget=&#8221; link_hover=&#8221; padding=&#8217;0px&#8217; border=&#8221; border_color=&#8221; radius=&#8217;0px&#8217; background=&#8217;bg_color&#8217; background_color=&#8221; background_gradient_color1=&#8221; background_gradient_color2=&#8221; background_gradient_direction=&#8217;vertical&#8217; src=&#8221; background_position=&#8217;top left&#8217; background_repeat=&#8217;no-repeat&#8217; animation=&#8221; mobile_breaking=&#8221; mobile_display=&#8221; av_uid=&#8217;av-474b&#8217;]<\/p>\n<p>[av_icon_box position=&#8217;top&#8217; icon_style=&#8221; boxed=&#8221; icon=&#8217;1&#8242; font=&#8217;entypo-fontello&#8217; title=&#8217;Patrick&#8217; link=&#8217;manually,https:\/\/junge-erwachsene-mit-krebs.de\/jung-und-krebs\/gesichter\/patrick\/&#8217; linktarget=&#8221; linkelement=&#8221; font_color=&#8221; custom_title=&#8221; custom_content=&#8221; color=&#8221; custom_bg=&#8221; custom_font=&#8221; custom_border=&#8221; av-medium-font-size-title=&#8221; av-small-font-size-title=&#8221; av-mini-font-size-title=&#8221; av-medium-font-size=&#8221; av-small-font-size=&#8221; av-mini-font-size=&#8221; av_uid=&#8217;av-jlcb4zdi&#8217; custom_class=&#8217;no_symbol&#8217; admin_preview_bg=&#8221;]<br \/>\n<img loading=\"lazy\" decoding=\"async\" class=\"alignnone wp-image-13989 size-medium\" src=\"https:\/\/junge-erwachsene-mit-krebs.de\/wp-content\/uploads\/2020\/06\/Patrick-Online-scaled-e1592396845257-300x200.jpg\" alt=\"\" width=\"300\" height=\"200\" \/><\/p>\n<p>36, SEO-Berater,<br \/>\nHodenkrebs*<\/p>\n<p><a href=\"https:\/\/junge-erwachsene-mit-krebs.de\/jung-und-krebs\/gesichter\/patrick\/\" rel=\"noopener\">MEHR ERFAHREN<\/a><br \/>\n[\/av_icon_box]<\/p>\n<p>[\/av_one_half][av_one_half min_height=&#8221; vertical_alignment=&#8221; space=&#8221; custom_margin=&#8221; margin=&#8217;0px&#8217; link=&#8221; linktarget=&#8221; link_hover=&#8221; padding=&#8217;0px&#8217; border=&#8221; border_color=&#8221; radius=&#8217;0px&#8217; background=&#8217;bg_color&#8217; background_color=&#8221; background_gradient_color1=&#8221; background_gradient_color2=&#8221; background_gradient_direction=&#8217;vertical&#8217; src=&#8221; background_position=&#8217;top left&#8217; background_repeat=&#8217;no-repeat&#8217; animation=&#8221; mobile_breaking=&#8221; mobile_display=&#8221; av_uid=&#8217;av-474b&#8217;]<\/p>\n<p>[av_icon_box position=&#8217;top&#8217; icon_style=&#8221; boxed=&#8221; icon=&#8217;1&#8242; font=&#8217;entypo-fontello&#8217; title=&#8217;Sandra&#8217; link=&#8217;manually,https:\/\/junge-erwachsene-mit-krebs.de\/jung-und-krebs\/gesichter\/sandra\/&#8217; linktarget=&#8221; linkelement=&#8221; font_color=&#8221; custom_title=&#8221; custom_content=&#8221; color=&#8221; custom_bg=&#8221; custom_font=&#8221; custom_border=&#8221; av-medium-font-size-title=&#8221; av-small-font-size-title=&#8221; av-mini-font-size-title=&#8221; av-medium-font-size=&#8221; av-small-font-size=&#8221; av-mini-font-size=&#8221; av_uid=&#8217;av-jlcb4zdi&#8217; custom_class=&#8217;no_symbol&#8217; admin_preview_bg=&#8221;]<br \/>\n<img loading=\"lazy\" decoding=\"async\" class=\"alignnone wp-image-13977 size-medium\" src=\"https:\/\/junge-erwachsene-mit-krebs.de\/wp-content\/uploads\/2020\/06\/Sandra-Online-scaled-e1592396413743-300x200.jpg\" alt=\"\" width=\"300\" height=\"200\" \/><\/p>\n<p>33, Dipl. Betriebswirtin,<br \/>\nIntimasarkom\/Angiosarkom der Aorta Pulmonalis*<\/p>\n<p><a href=\"https:\/\/junge-erwachsene-mit-krebs.de\/jung-und-krebs\/gesichter\/sandra\/\" rel=\"noopener\">MEHR ERFAHREN<\/a><br \/>\n[\/av_icon_box]<\/p>\n<p>[\/av_one_half][av_one_half first min_height=&#8221; vertical_alignment=&#8221; space=&#8221; custom_margin=&#8221; margin=&#8217;0px&#8217; link=&#8221; linktarget=&#8221; link_hover=&#8221; padding=&#8217;0px&#8217; border=&#8221; border_color=&#8221; radius=&#8217;0px&#8217; background=&#8217;bg_color&#8217; background_color=&#8221; background_gradient_color1=&#8221; background_gradient_color2=&#8221; background_gradient_direction=&#8217;vertical&#8217; src=&#8221; background_position=&#8217;top left&#8217; background_repeat=&#8217;no-repeat&#8217; animation=&#8221; mobile_breaking=&#8221; mobile_display=&#8221; av_uid=&#8217;av-4whd&#8217;]<\/p>\n<p>[av_icon_box position=&#8217;top&#8217; icon_style=&#8221; boxed=&#8221; icon=&#8217;1&#8242; font=&#8217;entypo-fontello&#8217; title=&#8217;Steffi&#8217; link=&#8217;manually,https:\/\/junge-erwachsene-mit-krebs.de\/youth-cancer\/faces\/steffi\/?lang=en&#8217; linktarget=&#8221; linkelement=&#8221; font_color=&#8221; custom_title=&#8221; custom_content=&#8221; color=&#8221; custom_bg=&#8221; custom_font=&#8221; custom_border=&#8221; av-medium-font-size-title=&#8221; av-small-font-size-title=&#8221; av-mini-font-size-title=&#8221; av-medium-font-size=&#8221; av-small-font-size=&#8221; av-mini-font-size=&#8221; av_uid=&#8217;av-jlcb4zdi&#8217; custom_class=&#8217;no_symbol&#8217; admin_preview_bg=&#8221;]<br \/>\n<img loading=\"lazy\" decoding=\"async\" class=\"alignnone size-medium wp-image-4210\" src=\"https:\/\/junge-erwachsene-mit-krebs.de\/wp-content\/uploads\/2018\/09\/Steffi-02-300x200.jpg\" alt=\"\" width=\"300\" height=\"200\" srcset=\"https:\/\/junge-erwachsene-mit-krebs.de\/wp-content\/uploads\/2018\/09\/Steffi-02-300x200.jpg 300w, https:\/\/junge-erwachsene-mit-krebs.de\/wp-content\/uploads\/2018\/09\/Steffi-02-768x512.jpg 768w, https:\/\/junge-erwachsene-mit-krebs.de\/wp-content\/uploads\/2018\/09\/Steffi-02-1030x686.jpg 1030w, https:\/\/junge-erwachsene-mit-krebs.de\/wp-content\/uploads\/2018\/09\/Steffi-02-705x470.jpg 705w, https:\/\/junge-erwachsene-mit-krebs.de\/wp-content\/uploads\/2018\/09\/Steffi-02-450x300.jpg 450w, https:\/\/junge-erwachsene-mit-krebs.de\/wp-content\/uploads\/2018\/09\/Steffi-02.jpg 1400w\" sizes=\"auto, (max-width: 300px) 100vw, 300px\" \/><\/p>\n<p>35, Friseurmeisterin,<br \/>\nBrustkrebs*<\/p>\n<p><a href=\"https:\/\/junge-erwachsene-mit-krebs.de\/jung-und-krebs\/gesichter\/steffi\/\" rel=\"noopener\">MEHR ERFAHREN<\/a><br \/>\n[\/av_icon_box]<\/p>\n<p>[av_textblock size=&#8221; font_color=&#8221; color=&#8221; av-medium-font-size=&#8221; av-small-font-size=&#8221; av-mini-font-size=&#8221; av_uid=&#8217;av-jna012vh&#8217; custom_class=&#8221; admin_preview_bg=&#8221;]<br \/>\n*Angaben zum Zeitpunkt der Diagnose<br \/>\n[\/av_textblock]<\/p>\n<p>[\/av_one_half][av_one_half min_height=&#8221; vertical_alignment=&#8221; space=&#8221; custom_margin=&#8221; margin=&#8217;0px&#8217; link=&#8221; linktarget=&#8221; link_hover=&#8221; padding=&#8217;0px&#8217; border=&#8221; border_color=&#8221; radius=&#8217;0px&#8217; background=&#8217;bg_color&#8217; background_color=&#8221; background_gradient_color1=&#8221; background_gradient_color2=&#8221; background_gradient_direction=&#8217;vertical&#8217; src=&#8221; background_position=&#8217;top left&#8217; background_repeat=&#8217;no-repeat&#8217; animation=&#8221; mobile_breaking=&#8221; mobile_display=&#8221; av_uid=&#8217;av-474b&#8217;]<\/p>\n<p>[av_icon_box position=&#8217;top&#8217; icon_style=&#8221; boxed=&#8221; icon=&#8217;1&#8242; font=&#8217;entypo-fontello&#8217; title=&#8217;Stephan&#8217; link=&#8217;manually,https:\/\/junge-erwachsene-mit-krebs.de\/jung-und-krebs\/gesichter\/stephan\/&#8217; linktarget=&#8221; linkelement=&#8221; font_color=&#8221; custom_title=&#8221; custom_content=&#8221; color=&#8221; custom_bg=&#8221; custom_font=&#8221; custom_border=&#8221; av-medium-font-size-title=&#8221; av-small-font-size-title=&#8221; av-mini-font-size-title=&#8221; av-medium-font-size=&#8221; av-small-font-size=&#8221; av-mini-font-size=&#8221; av_uid=&#8217;av-jlcb4zdi&#8217; custom_class=&#8217;no_symbol&#8217; admin_preview_bg=&#8221;]<br \/>\n<img loading=\"lazy\" decoding=\"async\" class=\"alignnone wp-image-13981 size-medium\" src=\"https:\/\/junge-erwachsene-mit-krebs.de\/wp-content\/uploads\/2020\/06\/Stephan-Online-scaled-e1592396634364-300x200.jpg\" alt=\"\" width=\"300\" height=\"200\" \/><\/p>\n<p>24, Erzieher\/Rentner (EU),<br \/>\nAstrozytom\/Hirntumor*<\/p>\n<p><a href=\"https:\/\/junge-erwachsene-mit-krebs.de\/jung-und-krebs\/gesichter\/stephan\/\" rel=\"noopener\">MEHR ERFAHREN<\/a><br \/>\n[\/av_icon_box]<\/p>\n<p>[\/av_one_half]<br \/>\n[\/av_section]<\/p>\n","protected":false},"excerpt":{"rendered":"<p>[av_textblock size=&#8221; font_color=&#8221; color=&#8221; av-medium-font-size=&#8221; av-small-font-size=&#8221; av-mini-font-size=&#8221; av_uid=&#8217;av-jlp6l3ce&#8217; custom_class=&#8221; admin_preview_bg=&#8221;] Gesichter [\/av_textblock] [av_slideshow size=&#8217;no scaling&#8217; animation=&#8217;slide&#8217; conditional_play=&#8221; autoplay=&#8217;true&#8217; interval=&#8217;5&#8242; control_layout=&#8217;av-control-default&#8217; av_uid=&#8217;av-jm3t75sg&#8217; custom_class=&#8221;] [av_slide slide_type=&#8217;image&#8217; id=&#8217;4219&#8242; video=&#8217;https:\/\/&#8217; mobile_image=&#8221; fallback_link=&#8217;http:\/\/&#8217; video_ratio=&#8217;16:9&#8242; title=&#8221; link_apply=&#8217;image&#8217; link=&#8217;manually,https:\/\/junge-erwachsene-mit-krebs.de\/youth-cancer\/faces\/bernd\/?lang=en&#8217; link_target=&#8221; av-medium-font-size-title=&#8221; av-small-font-size-title=&#8221; av-mini-font-size-title=&#8221; av-medium-font-size=&#8221; av-small-font-size=&#8221; av-mini-font-size=&#8221; av_uid=&#8217;av-4tnsh8&#8242; video_controls=&#8221; video_mute=&#8221; video_loop=&#8221; video_autoplay=&#8221;] Bernd [\/av_slide] [av_slide slide_type=&#8217;image&#8217; id=&#8217;13983&#8242; video=&#8217;https:\/\/&#8217; mobile_image=&#8221; fallback_link=&#8217;http:\/\/&#8217; video_ratio=&#8217;16:9&#8242; title=&#8221; link_apply=&#8217;image&#8217;&hellip;&nbsp;<a href=\"https:\/\/junge-erwachsene-mit-krebs.de\/en\/youth-cancer\/faces\/\" rel=\"bookmark\">Read More &raquo;<span class=\"screen-reader-text\">Faces<\/span><\/a><\/p>\n","protected":false},"author":1,"featured_media":22370,"parent":8449,"menu_order":0,"comment_status":"closed","ping_status":"closed","template":"template-uebersicht.php","meta":{"_acf_changed":false,"give_campaign_id":0,"neve_meta_sidebar":"","neve_meta_container":"","neve_meta_enable_content_width":"","neve_meta_content_width":0,"neve_meta_title_alignment":"","neve_meta_author_avatar":"","neve_post_elements_order":"","neve_meta_disable_header":"","neve_meta_disable_footer":"","neve_meta_disable_title":"","neve_meta_reading_time":"","footnotes":""},"class_list":["post-8451","page","type-page","status-publish","has-post-thumbnail","hentry"],"acf":[],"yoast_head":"<!-- This site is optimized with the Yoast SEO plugin v27.3 - https:\/\/yoast.com\/product\/yoast-seo-wordpress\/ -->\n<title>Faces - DSFJEMK<\/title>\n<meta name=\"robots\" content=\"index, follow, max-snippet:-1, max-image-preview:large, max-video-preview:-1\" \/>\n<link rel=\"canonical\" href=\"https:\/\/junge-erwachsene-mit-krebs.de\/jung-und-krebs\/betroffene-berichten\/\" \/>\n<meta property=\"og:locale\" content=\"en_US\" \/>\n<meta property=\"og:type\" content=\"article\" \/>\n<meta property=\"og:title\" content=\"Faces - DSFJEMK\" \/>\n<meta property=\"og:description\" content=\"[av_textblock size=&#8221; font_color=&#8221; color=&#8221; av-medium-font-size=&#8221; av-small-font-size=&#8221; av-mini-font-size=&#8221; av_uid=&#8217;av-jlp6l3ce&#8217; custom_class=&#8221; admin_preview_bg=&#8221;] Gesichter [\/av_textblock] [av_slideshow size=&#8217;no scaling&#8217; animation=&#8217;slide&#8217; conditional_play=&#8221; autoplay=&#8217;true&#8217; interval=&#8217;5&#8242; control_layout=&#8217;av-control-default&#8217; av_uid=&#8217;av-jm3t75sg&#8217; custom_class=&#8221;] [av_slide slide_type=&#8217;image&#8217; id=&#8217;4219&#8242; video=&#8217;https:\/\/&#8217; mobile_image=&#8221; fallback_link=&#8217;http:\/\/&#8217; video_ratio=&#8217;16:9&#8242; title=&#8221; link_apply=&#8217;image&#8217; link=&#8217;manually,https:\/\/junge-erwachsene-mit-krebs.de\/youth-cancer\/faces\/bernd\/?lang=en&#8217; link_target=&#8221; av-medium-font-size-title=&#8221; av-small-font-size-title=&#8221; av-mini-font-size-title=&#8221; av-medium-font-size=&#8221; av-small-font-size=&#8221; av-mini-font-size=&#8221; av_uid=&#8217;av-4tnsh8&#8242; video_controls=&#8221; video_mute=&#8221; video_loop=&#8221; video_autoplay=&#8221;] Bernd [\/av_slide] [av_slide slide_type=&#8217;image&#8217; id=&#8217;13983&#8242; video=&#8217;https:\/\/&#8217; mobile_image=&#8221; fallback_link=&#8217;http:\/\/&#8217; video_ratio=&#8217;16:9&#8242; title=&#8221; link_apply=&#8217;image&#8217;&hellip;&nbsp;Read More &raquo;Faces\" \/>\n<meta property=\"og:url\" content=\"https:\/\/junge-erwachsene-mit-krebs.de\/jung-und-krebs\/betroffene-berichten\/\" \/>\n<meta property=\"og:site_name\" content=\"DSFJEMK\" \/>\n<meta property=\"article:modified_time\" content=\"2021-12-22T09:34:19+00:00\" \/>\n<meta property=\"og:image\" content=\"https:\/\/junge-erwachsene-mit-krebs.de\/wp-content\/uploads\/2023\/03\/bernd-e1679999392759.png\" \/>\n\t<meta property=\"og:image:width\" content=\"1091\" \/>\n\t<meta property=\"og:image:height\" content=\"673\" \/>\n\t<meta property=\"og:image:type\" content=\"image\/png\" \/>\n<meta name=\"twitter:card\" content=\"summary_large_image\" \/>\n<meta name=\"twitter:label1\" content=\"Est. reading time\" \/>\n\t<meta name=\"twitter:data1\" content=\"14 minutes\" \/>\n<script type=\"application\/ld+json\" class=\"yoast-schema-graph\">{\"@context\":\"https:\\\/\\\/schema.org\",\"@graph\":[{\"@type\":\"WebPage\",\"@id\":\"https:\\\/\\\/junge-erwachsene-mit-krebs.de\\\/jung-und-krebs\\\/betroffene-berichten\\\/\",\"url\":\"https:\\\/\\\/junge-erwachsene-mit-krebs.de\\\/jung-und-krebs\\\/betroffene-berichten\\\/\",\"name\":\"Faces - DSFJEMK\",\"isPartOf\":{\"@id\":\"https:\\\/\\\/junge-erwachsene-mit-krebs.de\\\/#website\"},\"primaryImageOfPage\":{\"@id\":\"https:\\\/\\\/junge-erwachsene-mit-krebs.de\\\/jung-und-krebs\\\/betroffene-berichten\\\/#primaryimage\"},\"image\":{\"@id\":\"https:\\\/\\\/junge-erwachsene-mit-krebs.de\\\/jung-und-krebs\\\/betroffene-berichten\\\/#primaryimage\"},\"thumbnailUrl\":\"https:\\\/\\\/junge-erwachsene-mit-krebs.de\\\/wp-content\\\/uploads\\\/2023\\\/03\\\/bernd-e1679999392759.png\",\"datePublished\":\"2019-02-19T14:58:37+00:00\",\"dateModified\":\"2021-12-22T09:34:19+00:00\",\"breadcrumb\":{\"@id\":\"https:\\\/\\\/junge-erwachsene-mit-krebs.de\\\/jung-und-krebs\\\/betroffene-berichten\\\/#breadcrumb\"},\"inLanguage\":\"en-US\",\"potentialAction\":[{\"@type\":\"ReadAction\",\"target\":[\"https:\\\/\\\/junge-erwachsene-mit-krebs.de\\\/jung-und-krebs\\\/betroffene-berichten\\\/\"]}]},{\"@type\":\"ImageObject\",\"inLanguage\":\"en-US\",\"@id\":\"https:\\\/\\\/junge-erwachsene-mit-krebs.de\\\/jung-und-krebs\\\/betroffene-berichten\\\/#primaryimage\",\"url\":\"https:\\\/\\\/junge-erwachsene-mit-krebs.de\\\/wp-content\\\/uploads\\\/2023\\\/03\\\/bernd-e1679999392759.png\",\"contentUrl\":\"https:\\\/\\\/junge-erwachsene-mit-krebs.de\\\/wp-content\\\/uploads\\\/2023\\\/03\\\/bernd-e1679999392759.png\",\"width\":1091,\"height\":673},{\"@type\":\"BreadcrumbList\",\"@id\":\"https:\\\/\\\/junge-erwachsene-mit-krebs.de\\\/jung-und-krebs\\\/betroffene-berichten\\\/#breadcrumb\",\"itemListElement\":[{\"@type\":\"ListItem\",\"position\":1,\"name\":\"Startseite\",\"item\":\"https:\\\/\\\/junge-erwachsene-mit-krebs.de\\\/en\\\/\"},{\"@type\":\"ListItem\",\"position\":2,\"name\":\"For those affected\",\"item\":\"https:\\\/\\\/junge-erwachsene-mit-krebs.de\\\/en\\\/youth-cancer\\\/\"},{\"@type\":\"ListItem\",\"position\":3,\"name\":\"Faces\"}]},{\"@type\":\"WebSite\",\"@id\":\"https:\\\/\\\/junge-erwachsene-mit-krebs.de\\\/#website\",\"url\":\"https:\\\/\\\/junge-erwachsene-mit-krebs.de\\\/\",\"name\":\"DSFJEMK\",\"description\":\"Deutsche Stiftung f\u00fcr junge Erwachsene mit Krebs\",\"publisher\":{\"@id\":\"https:\\\/\\\/junge-erwachsene-mit-krebs.de\\\/#organization\"},\"potentialAction\":[{\"@type\":\"SearchAction\",\"target\":{\"@type\":\"EntryPoint\",\"urlTemplate\":\"https:\\\/\\\/junge-erwachsene-mit-krebs.de\\\/?s={search_term_string}\"},\"query-input\":{\"@type\":\"PropertyValueSpecification\",\"valueRequired\":true,\"valueName\":\"search_term_string\"}}],\"inLanguage\":\"en-US\"},{\"@type\":\"Organization\",\"@id\":\"https:\\\/\\\/junge-erwachsene-mit-krebs.de\\\/#organization\",\"name\":\"Deutsche Stiftung f\u00fcr junge Erwachsene mit Krebs\",\"url\":\"https:\\\/\\\/junge-erwachsene-mit-krebs.de\\\/\",\"logo\":{\"@type\":\"ImageObject\",\"inLanguage\":\"en-US\",\"@id\":\"https:\\\/\\\/junge-erwachsene-mit-krebs.de\\\/#\\\/schema\\\/logo\\\/image\\\/\",\"url\":\"https:\\\/\\\/junge-erwachsene-mit-krebs.de\\\/wp-content\\\/uploads\\\/2018\\\/09\\\/Logo_DSfjEmK-2018.jpg\",\"contentUrl\":\"https:\\\/\\\/junge-erwachsene-mit-krebs.de\\\/wp-content\\\/uploads\\\/2018\\\/09\\\/Logo_DSfjEmK-2018.jpg\",\"width\":1000,\"height\":1000,\"caption\":\"Deutsche Stiftung f\u00fcr junge Erwachsene mit Krebs\"},\"image\":{\"@id\":\"https:\\\/\\\/junge-erwachsene-mit-krebs.de\\\/#\\\/schema\\\/logo\\\/image\\\/\"}}]}<\/script>\n<!-- \/ Yoast SEO plugin. -->","yoast_head_json":{"title":"Faces - DSFJEMK","robots":{"index":"index","follow":"follow","max-snippet":"max-snippet:-1","max-image-preview":"max-image-preview:large","max-video-preview":"max-video-preview:-1"},"canonical":"https:\/\/junge-erwachsene-mit-krebs.de\/jung-und-krebs\/betroffene-berichten\/","og_locale":"en_US","og_type":"article","og_title":"Faces - DSFJEMK","og_description":"[av_textblock size=&#8221; font_color=&#8221; color=&#8221; av-medium-font-size=&#8221; av-small-font-size=&#8221; av-mini-font-size=&#8221; av_uid=&#8217;av-jlp6l3ce&#8217; custom_class=&#8221; admin_preview_bg=&#8221;] Gesichter [\/av_textblock] [av_slideshow size=&#8217;no scaling&#8217; animation=&#8217;slide&#8217; conditional_play=&#8221; autoplay=&#8217;true&#8217; interval=&#8217;5&#8242; control_layout=&#8217;av-control-default&#8217; av_uid=&#8217;av-jm3t75sg&#8217; custom_class=&#8221;] [av_slide slide_type=&#8217;image&#8217; id=&#8217;4219&#8242; video=&#8217;https:\/\/&#8217; mobile_image=&#8221; fallback_link=&#8217;http:\/\/&#8217; video_ratio=&#8217;16:9&#8242; title=&#8221; link_apply=&#8217;image&#8217; link=&#8217;manually,https:\/\/junge-erwachsene-mit-krebs.de\/youth-cancer\/faces\/bernd\/?lang=en&#8217; link_target=&#8221; av-medium-font-size-title=&#8221; av-small-font-size-title=&#8221; av-mini-font-size-title=&#8221; av-medium-font-size=&#8221; av-small-font-size=&#8221; av-mini-font-size=&#8221; av_uid=&#8217;av-4tnsh8&#8242; video_controls=&#8221; video_mute=&#8221; video_loop=&#8221; video_autoplay=&#8221;] Bernd [\/av_slide] [av_slide slide_type=&#8217;image&#8217; id=&#8217;13983&#8242; video=&#8217;https:\/\/&#8217; mobile_image=&#8221; fallback_link=&#8217;http:\/\/&#8217; video_ratio=&#8217;16:9&#8242; title=&#8221; link_apply=&#8217;image&#8217;&hellip;&nbsp;Read More &raquo;Faces","og_url":"https:\/\/junge-erwachsene-mit-krebs.de\/jung-und-krebs\/betroffene-berichten\/","og_site_name":"DSFJEMK","article_modified_time":"2021-12-22T09:34:19+00:00","og_image":[{"width":1091,"height":673,"url":"https:\/\/junge-erwachsene-mit-krebs.de\/wp-content\/uploads\/2023\/03\/bernd-e1679999392759.png","type":"image\/png"}],"twitter_card":"summary_large_image","twitter_misc":{"Est. reading time":"14 minutes"},"schema":{"@context":"https:\/\/schema.org","@graph":[{"@type":"WebPage","@id":"https:\/\/junge-erwachsene-mit-krebs.de\/jung-und-krebs\/betroffene-berichten\/","url":"https:\/\/junge-erwachsene-mit-krebs.de\/jung-und-krebs\/betroffene-berichten\/","name":"Faces - DSFJEMK","isPartOf":{"@id":"https:\/\/junge-erwachsene-mit-krebs.de\/#website"},"primaryImageOfPage":{"@id":"https:\/\/junge-erwachsene-mit-krebs.de\/jung-und-krebs\/betroffene-berichten\/#primaryimage"},"image":{"@id":"https:\/\/junge-erwachsene-mit-krebs.de\/jung-und-krebs\/betroffene-berichten\/#primaryimage"},"thumbnailUrl":"https:\/\/junge-erwachsene-mit-krebs.de\/wp-content\/uploads\/2023\/03\/bernd-e1679999392759.png","datePublished":"2019-02-19T14:58:37+00:00","dateModified":"2021-12-22T09:34:19+00:00","breadcrumb":{"@id":"https:\/\/junge-erwachsene-mit-krebs.de\/jung-und-krebs\/betroffene-berichten\/#breadcrumb"},"inLanguage":"en-US","potentialAction":[{"@type":"ReadAction","target":["https:\/\/junge-erwachsene-mit-krebs.de\/jung-und-krebs\/betroffene-berichten\/"]}]},{"@type":"ImageObject","inLanguage":"en-US","@id":"https:\/\/junge-erwachsene-mit-krebs.de\/jung-und-krebs\/betroffene-berichten\/#primaryimage","url":"https:\/\/junge-erwachsene-mit-krebs.de\/wp-content\/uploads\/2023\/03\/bernd-e1679999392759.png","contentUrl":"https:\/\/junge-erwachsene-mit-krebs.de\/wp-content\/uploads\/2023\/03\/bernd-e1679999392759.png","width":1091,"height":673},{"@type":"BreadcrumbList","@id":"https:\/\/junge-erwachsene-mit-krebs.de\/jung-und-krebs\/betroffene-berichten\/#breadcrumb","itemListElement":[{"@type":"ListItem","position":1,"name":"Startseite","item":"https:\/\/junge-erwachsene-mit-krebs.de\/en\/"},{"@type":"ListItem","position":2,"name":"For those affected","item":"https:\/\/junge-erwachsene-mit-krebs.de\/en\/youth-cancer\/"},{"@type":"ListItem","position":3,"name":"Faces"}]},{"@type":"WebSite","@id":"https:\/\/junge-erwachsene-mit-krebs.de\/#website","url":"https:\/\/junge-erwachsene-mit-krebs.de\/","name":"DSFJEMK","description":"Deutsche Stiftung f\u00fcr junge Erwachsene mit Krebs","publisher":{"@id":"https:\/\/junge-erwachsene-mit-krebs.de\/#organization"},"potentialAction":[{"@type":"SearchAction","target":{"@type":"EntryPoint","urlTemplate":"https:\/\/junge-erwachsene-mit-krebs.de\/?s={search_term_string}"},"query-input":{"@type":"PropertyValueSpecification","valueRequired":true,"valueName":"search_term_string"}}],"inLanguage":"en-US"},{"@type":"Organization","@id":"https:\/\/junge-erwachsene-mit-krebs.de\/#organization","name":"Deutsche Stiftung f\u00fcr junge Erwachsene mit Krebs","url":"https:\/\/junge-erwachsene-mit-krebs.de\/","logo":{"@type":"ImageObject","inLanguage":"en-US","@id":"https:\/\/junge-erwachsene-mit-krebs.de\/#\/schema\/logo\/image\/","url":"https:\/\/junge-erwachsene-mit-krebs.de\/wp-content\/uploads\/2018\/09\/Logo_DSfjEmK-2018.jpg","contentUrl":"https:\/\/junge-erwachsene-mit-krebs.de\/wp-content\/uploads\/2018\/09\/Logo_DSfjEmK-2018.jpg","width":1000,"height":1000,"caption":"Deutsche Stiftung f\u00fcr junge Erwachsene mit Krebs"},"image":{"@id":"https:\/\/junge-erwachsene-mit-krebs.de\/#\/schema\/logo\/image\/"}}]}},"campaignId":"","_links":{"self":[{"href":"https:\/\/junge-erwachsene-mit-krebs.de\/en\/wp-json\/wp\/v2\/pages\/8451","targetHints":{"allow":["GET"]}}],"collection":[{"href":"https:\/\/junge-erwachsene-mit-krebs.de\/en\/wp-json\/wp\/v2\/pages"}],"about":[{"href":"https:\/\/junge-erwachsene-mit-krebs.de\/en\/wp-json\/wp\/v2\/types\/page"}],"author":[{"embeddable":true,"href":"https:\/\/junge-erwachsene-mit-krebs.de\/en\/wp-json\/wp\/v2\/users\/1"}],"replies":[{"embeddable":true,"href":"https:\/\/junge-erwachsene-mit-krebs.de\/en\/wp-json\/wp\/v2\/comments?post=8451"}],"version-history":[{"count":0,"href":"https:\/\/junge-erwachsene-mit-krebs.de\/en\/wp-json\/wp\/v2\/pages\/8451\/revisions"}],"up":[{"embeddable":true,"href":"https:\/\/junge-erwachsene-mit-krebs.de\/en\/wp-json\/wp\/v2\/pages\/8449"}],"wp:featuredmedia":[{"embeddable":true,"href":"https:\/\/junge-erwachsene-mit-krebs.de\/en\/wp-json\/wp\/v2\/media\/22370"}],"wp:attachment":[{"href":"https:\/\/junge-erwachsene-mit-krebs.de\/en\/wp-json\/wp\/v2\/media?parent=8451"}],"curies":[{"name":"wp","href":"https:\/\/api.w.org\/{rel}","templated":true}]}}