{"id":21671,"date":"2023-01-02T16:00:45","date_gmt":"2023-01-02T15:00:45","guid":{"rendered":"https:\/\/junge-erwachsene-mit-krebs.de\/wissen\/krankmeldung-krankschreibung\/"},"modified":"2025-04-01T15:29:57","modified_gmt":"2025-04-01T13:29:57","slug":"krankmeldung-krankschreibung","status":"publish","type":"encyclopedia","link":"https:\/\/junge-erwachsene-mit-krebs.de\/ls\/wissen\/krankmeldung-krankschreibung\/","title":{"rendered":"Krankschreibung"},"content":{"rendered":"\n<h3 class=\"wp-block-heading\" id=\"h-verlangerung-der-krankschreibung-folgebescheinigung\"><\/h3>\n\n\n\n    <div id=\"contenttextblock-block_5aa130a17e392e193920019c96ead0fa\" class=\"contenttextblock_container alignfull no_introtext normal\">\n      <div class=\"main_content\">\n                <div class=\"contenttextblock_content\"><p>Wenn Sie l\u00e4nger als 3 Tage krank sind, m\u00fcssen Sie Ihrem Arbeitgeber\u00a0<strong>sp\u00e4testens am 4. Tag<\/strong>\u00a0eine\u00a0<strong>Bescheinigung vom Arzt<\/strong>\u00a0vorlegen.<\/p>\n<p>Das Fachwort f\u00fcr die Bescheinigung hei\u00dft:\u00a0<strong>Arbeitsunf\u00e4higkeits-Bescheinigung<\/strong>. Die Abk\u00fcrzung lautet: AU<\/p>\n<p>Sehr oft werden auch diese Worte benutzt:\u00a0<strong>Attest oder Krankschreibung<\/strong>.<\/p>\n<p><strong>Wichtig:<\/strong><\/p>\n<ul class=\"wp-block-list\">\n<li>Bei der Krankmeldung wird nach\u00a0<strong>Kalendertagen<\/strong>\u00a0gez\u00e4hlt. Das hei\u00dft zum Beispiel: Bei einer Erkrankung am Freitag m\u00fcssen Sie Ihrem Arbeitgeber am Montag die Bescheinigung vorlegen.<\/li>\n<li>Sie d\u00fcrfen\u00a0<strong>keine Kopie<\/strong>\u00a0vorlegen. Nur das Original ist g\u00fcltig.<\/li>\n<li>Als Regel gilt: Bei einer Erkrankung sollten Sie sich m\u00f6glichst schnell krankschreiben lassen.<\/li>\n<\/ul>\n<p>Bei einer\u00a0<strong>Krebserkrankung\u00a0<\/strong>empfehlenswert: Lassen Sie sich die\u00a0<strong>erste Krankschreibung<\/strong>\u00a0vom\u00a0<strong>Hausarzt<\/strong>\u00a0ausstellen. Eine Krankschreibung vom Krebsarzt ist ein zu deutlicher Hinweis auf die Diagnose.<\/p>\n<div class=\"wp-block-spacer\" aria-hidden=\"true\"><\/div>\n<h3 id=\"h-verlangerung-der-krankschreibung-folgebescheinigung\" class=\"wp-block-heading\">Verl\u00e4ngerung der Krankschreibung (Folgebescheinigung)<\/h3>\n<p>Wenn Ihre Erkrankung l\u00e4nger dauert, m\u00fcssen Sie sich vom Arzt\u00a0<strong>rechtzeitig<\/strong>\u00a0eine\u00a0<strong>neue Bescheinigung<\/strong>\u00a0ausstellen lassen. Sp\u00e4testens am letzten Tag der alten Krankschreibung sollten Sie Ihren Arbeitgeber informieren. Die neue Krankschreibung muss dann am folgenden Arbeitstag vorliegen.<\/p>\n<p><strong>Wichtig:<\/strong><\/p>\n<ul class=\"wp-block-list\">\n<li>Zwischen den Krankschreibungen darf es\u00a0<strong>keine<\/strong>\u00a0zeitliche L\u00fccke geben. Der Arbeitgeber und die Krankenkasse brauchen die Bescheinigung. Die Krankenkasse braucht die Bescheinigung zur Berechnung des\u00a0<strong>Krankengeldes<\/strong>.<\/li>\n<\/ul>\n<p>Weitere Informationen gibt es unter:\u00a0<strong><a href=\"https:\/\/www.praktischarzt.de\/blog\/krankmeldung\/\" target=\"_blank\" rel=\"noreferrer noopener\" aria-label=\" (\u00f6ffnet in neuem Tab)\">https:\/\/www.praktischarzt.de\/blog\/krankmeldung\/<\/a><\/strong><\/p>\n<\/div>\n      <\/div>\n    <\/div>\n","protected":false},"excerpt":{"rendered":"<p>Wann muss ich mich krankmelden? Wie reiche ich eine Arbeitsunf\u00e4higkeitsbescheinigung ein? Wann muss ich eine Verl\u00e4ngerung der Krankschreibung einreichen?<\/p>\n","protected":false},"author":9,"featured_media":13077,"template":"","encyclopedia-category":[357],"encyclopedia-tag":[],"class_list":["post-21671","encyclopedia","type-encyclopedia","status-publish","has-post-thumbnail","hentry","encyclopedia-category-krankschreibung-und-krankengeld-ls"],"acf":[],"yoast_head":"<!-- This site is optimized with the Yoast SEO plugin v27.3 - https:\/\/yoast.com\/product\/yoast-seo-wordpress\/ -->\n<title>Krankschreibung - DSFJEMK<\/title>\n<meta name=\"robots\" content=\"index, follow, max-snippet:-1, max-image-preview:large, max-video-preview:-1\" \/>\n<link rel=\"canonical\" href=\"https:\/\/junge-erwachsene-mit-krebs.de\/ls\/wissen\/krankmeldung-krankschreibung\/\" \/>\n<meta property=\"og:locale\" content=\"de_DE\" \/>\n<meta property=\"og:type\" content=\"article\" \/>\n<meta property=\"og:title\" content=\"Krankschreibung - DSFJEMK\" \/>\n<meta property=\"og:description\" content=\"Wann muss ich mich krankmelden? Wie reiche ich eine Arbeitsunf\u00e4higkeitsbescheinigung ein? Wann muss ich eine Verl\u00e4ngerung der Krankschreibung einreichen?\" \/>\n<meta property=\"og:url\" content=\"https:\/\/junge-erwachsene-mit-krebs.de\/ls\/wissen\/krankmeldung-krankschreibung\/\" \/>\n<meta property=\"og:site_name\" content=\"DSFJEMK\" \/>\n<meta property=\"article:modified_time\" content=\"2025-04-01T13:29:57+00:00\" \/>\n<meta property=\"og:image\" content=\"https:\/\/junge-erwachsene-mit-krebs.de\/wp-content\/uploads\/2020\/04\/pen-3128958_1280_teaser-scaled-e1587050807203.jpg\" \/>\n\t<meta property=\"og:image:width\" content=\"1959\" \/>\n\t<meta property=\"og:image:height\" content=\"979\" \/>\n\t<meta property=\"og:image:type\" content=\"image\/jpeg\" \/>\n<meta name=\"twitter:card\" content=\"summary_large_image\" \/>\n<meta name=\"twitter:label1\" content=\"Est. reading time\" \/>\n\t<meta name=\"twitter:data1\" content=\"1 minute\" \/>\n<script type=\"application\/ld+json\" class=\"yoast-schema-graph\">{\"@context\":\"https:\\\/\\\/schema.org\",\"@graph\":[{\"@type\":\"WebPage\",\"@id\":\"https:\\\/\\\/junge-erwachsene-mit-krebs.de\\\/ls\\\/wissen\\\/krankmeldung-krankschreibung\\\/\",\"url\":\"https:\\\/\\\/junge-erwachsene-mit-krebs.de\\\/ls\\\/wissen\\\/krankmeldung-krankschreibung\\\/\",\"name\":\"Krankschreibung - DSFJEMK\",\"isPartOf\":{\"@id\":\"https:\\\/\\\/junge-erwachsene-mit-krebs.de\\\/#website\"},\"primaryImageOfPage\":{\"@id\":\"https:\\\/\\\/junge-erwachsene-mit-krebs.de\\\/ls\\\/wissen\\\/krankmeldung-krankschreibung\\\/#primaryimage\"},\"image\":{\"@id\":\"https:\\\/\\\/junge-erwachsene-mit-krebs.de\\\/ls\\\/wissen\\\/krankmeldung-krankschreibung\\\/#primaryimage\"},\"thumbnailUrl\":\"https:\\\/\\\/junge-erwachsene-mit-krebs.de\\\/wp-content\\\/uploads\\\/2020\\\/04\\\/pen-3128958_1280_teaser-scaled-e1587050807203.jpg\",\"datePublished\":\"2023-01-02T15:00:45+00:00\",\"dateModified\":\"2025-04-01T13:29:57+00:00\",\"breadcrumb\":{\"@id\":\"https:\\\/\\\/junge-erwachsene-mit-krebs.de\\\/ls\\\/wissen\\\/krankmeldung-krankschreibung\\\/#breadcrumb\"},\"inLanguage\":\"de-LS\",\"potentialAction\":[{\"@type\":\"ReadAction\",\"target\":[\"https:\\\/\\\/junge-erwachsene-mit-krebs.de\\\/ls\\\/wissen\\\/krankmeldung-krankschreibung\\\/\"]}]},{\"@type\":\"ImageObject\",\"inLanguage\":\"de-LS\",\"@id\":\"https:\\\/\\\/junge-erwachsene-mit-krebs.de\\\/ls\\\/wissen\\\/krankmeldung-krankschreibung\\\/#primaryimage\",\"url\":\"https:\\\/\\\/junge-erwachsene-mit-krebs.de\\\/wp-content\\\/uploads\\\/2020\\\/04\\\/pen-3128958_1280_teaser-scaled-e1587050807203.jpg\",\"contentUrl\":\"https:\\\/\\\/junge-erwachsene-mit-krebs.de\\\/wp-content\\\/uploads\\\/2020\\\/04\\\/pen-3128958_1280_teaser-scaled-e1587050807203.jpg\",\"width\":1959,\"height\":979},{\"@type\":\"BreadcrumbList\",\"@id\":\"https:\\\/\\\/junge-erwachsene-mit-krebs.de\\\/ls\\\/wissen\\\/krankmeldung-krankschreibung\\\/#breadcrumb\",\"itemListElement\":[{\"@type\":\"ListItem\",\"position\":1,\"name\":\"Startseite\",\"item\":\"https:\\\/\\\/junge-erwachsene-mit-krebs.de\\\/ls\\\/\"},{\"@type\":\"ListItem\",\"position\":2,\"name\":\"Wissensbegriffe\",\"item\":\"https:\\\/\\\/junge-erwachsene-mit-krebs.de\\\/wissensbegriffe\\\/\"},{\"@type\":\"ListItem\",\"position\":3,\"name\":\"Krankschreibung\"}]},{\"@type\":\"WebSite\",\"@id\":\"https:\\\/\\\/junge-erwachsene-mit-krebs.de\\\/#website\",\"url\":\"https:\\\/\\\/junge-erwachsene-mit-krebs.de\\\/\",\"name\":\"DSFJEMK\",\"description\":\"Deutsche Stiftung f\u00fcr junge Erwachsene mit Krebs\",\"publisher\":{\"@id\":\"https:\\\/\\\/junge-erwachsene-mit-krebs.de\\\/#organization\"},\"potentialAction\":[{\"@type\":\"SearchAction\",\"target\":{\"@type\":\"EntryPoint\",\"urlTemplate\":\"https:\\\/\\\/junge-erwachsene-mit-krebs.de\\\/?s={search_term_string}\"},\"query-input\":{\"@type\":\"PropertyValueSpecification\",\"valueRequired\":true,\"valueName\":\"search_term_string\"}}],\"inLanguage\":\"de-LS\"},{\"@type\":\"Organization\",\"@id\":\"https:\\\/\\\/junge-erwachsene-mit-krebs.de\\\/#organization\",\"name\":\"Deutsche Stiftung f\u00fcr junge Erwachsene mit Krebs\",\"url\":\"https:\\\/\\\/junge-erwachsene-mit-krebs.de\\\/\",\"logo\":{\"@type\":\"ImageObject\",\"inLanguage\":\"de-LS\",\"@id\":\"https:\\\/\\\/junge-erwachsene-mit-krebs.de\\\/#\\\/schema\\\/logo\\\/image\\\/\",\"url\":\"https:\\\/\\\/junge-erwachsene-mit-krebs.de\\\/wp-content\\\/uploads\\\/2018\\\/09\\\/Logo_DSfjEmK-2018.jpg\",\"contentUrl\":\"https:\\\/\\\/junge-erwachsene-mit-krebs.de\\\/wp-content\\\/uploads\\\/2018\\\/09\\\/Logo_DSfjEmK-2018.jpg\",\"width\":1000,\"height\":1000,\"caption\":\"Deutsche Stiftung f\u00fcr junge Erwachsene mit Krebs\"},\"image\":{\"@id\":\"https:\\\/\\\/junge-erwachsene-mit-krebs.de\\\/#\\\/schema\\\/logo\\\/image\\\/\"}}]}<\/script>\n<!-- \/ Yoast SEO plugin. -->","yoast_head_json":{"title":"Krankschreibung - DSFJEMK","robots":{"index":"index","follow":"follow","max-snippet":"max-snippet:-1","max-image-preview":"max-image-preview:large","max-video-preview":"max-video-preview:-1"},"canonical":"https:\/\/junge-erwachsene-mit-krebs.de\/ls\/wissen\/krankmeldung-krankschreibung\/","og_locale":"de_DE","og_type":"article","og_title":"Krankschreibung - DSFJEMK","og_description":"Wann muss ich mich krankmelden? Wie reiche ich eine Arbeitsunf\u00e4higkeitsbescheinigung ein? Wann muss ich eine Verl\u00e4ngerung der Krankschreibung einreichen?","og_url":"https:\/\/junge-erwachsene-mit-krebs.de\/ls\/wissen\/krankmeldung-krankschreibung\/","og_site_name":"DSFJEMK","article_modified_time":"2025-04-01T13:29:57+00:00","og_image":[{"width":1959,"height":979,"url":"https:\/\/junge-erwachsene-mit-krebs.de\/wp-content\/uploads\/2020\/04\/pen-3128958_1280_teaser-scaled-e1587050807203.jpg","type":"image\/jpeg"}],"twitter_card":"summary_large_image","twitter_misc":{"Est. reading time":"1 minute"},"schema":{"@context":"https:\/\/schema.org","@graph":[{"@type":"WebPage","@id":"https:\/\/junge-erwachsene-mit-krebs.de\/ls\/wissen\/krankmeldung-krankschreibung\/","url":"https:\/\/junge-erwachsene-mit-krebs.de\/ls\/wissen\/krankmeldung-krankschreibung\/","name":"Krankschreibung - DSFJEMK","isPartOf":{"@id":"https:\/\/junge-erwachsene-mit-krebs.de\/#website"},"primaryImageOfPage":{"@id":"https:\/\/junge-erwachsene-mit-krebs.de\/ls\/wissen\/krankmeldung-krankschreibung\/#primaryimage"},"image":{"@id":"https:\/\/junge-erwachsene-mit-krebs.de\/ls\/wissen\/krankmeldung-krankschreibung\/#primaryimage"},"thumbnailUrl":"https:\/\/junge-erwachsene-mit-krebs.de\/wp-content\/uploads\/2020\/04\/pen-3128958_1280_teaser-scaled-e1587050807203.jpg","datePublished":"2023-01-02T15:00:45+00:00","dateModified":"2025-04-01T13:29:57+00:00","breadcrumb":{"@id":"https:\/\/junge-erwachsene-mit-krebs.de\/ls\/wissen\/krankmeldung-krankschreibung\/#breadcrumb"},"inLanguage":"de-LS","potentialAction":[{"@type":"ReadAction","target":["https:\/\/junge-erwachsene-mit-krebs.de\/ls\/wissen\/krankmeldung-krankschreibung\/"]}]},{"@type":"ImageObject","inLanguage":"de-LS","@id":"https:\/\/junge-erwachsene-mit-krebs.de\/ls\/wissen\/krankmeldung-krankschreibung\/#primaryimage","url":"https:\/\/junge-erwachsene-mit-krebs.de\/wp-content\/uploads\/2020\/04\/pen-3128958_1280_teaser-scaled-e1587050807203.jpg","contentUrl":"https:\/\/junge-erwachsene-mit-krebs.de\/wp-content\/uploads\/2020\/04\/pen-3128958_1280_teaser-scaled-e1587050807203.jpg","width":1959,"height":979},{"@type":"BreadcrumbList","@id":"https:\/\/junge-erwachsene-mit-krebs.de\/ls\/wissen\/krankmeldung-krankschreibung\/#breadcrumb","itemListElement":[{"@type":"ListItem","position":1,"name":"Startseite","item":"https:\/\/junge-erwachsene-mit-krebs.de\/ls\/"},{"@type":"ListItem","position":2,"name":"Wissensbegriffe","item":"https:\/\/junge-erwachsene-mit-krebs.de\/wissensbegriffe\/"},{"@type":"ListItem","position":3,"name":"Krankschreibung"}]},{"@type":"WebSite","@id":"https:\/\/junge-erwachsene-mit-krebs.de\/#website","url":"https:\/\/junge-erwachsene-mit-krebs.de\/","name":"DSFJEMK","description":"Deutsche Stiftung f\u00fcr junge Erwachsene mit Krebs","publisher":{"@id":"https:\/\/junge-erwachsene-mit-krebs.de\/#organization"},"potentialAction":[{"@type":"SearchAction","target":{"@type":"EntryPoint","urlTemplate":"https:\/\/junge-erwachsene-mit-krebs.de\/?s={search_term_string}"},"query-input":{"@type":"PropertyValueSpecification","valueRequired":true,"valueName":"search_term_string"}}],"inLanguage":"de-LS"},{"@type":"Organization","@id":"https:\/\/junge-erwachsene-mit-krebs.de\/#organization","name":"Deutsche Stiftung f\u00fcr junge Erwachsene mit Krebs","url":"https:\/\/junge-erwachsene-mit-krebs.de\/","logo":{"@type":"ImageObject","inLanguage":"de-LS","@id":"https:\/\/junge-erwachsene-mit-krebs.de\/#\/schema\/logo\/image\/","url":"https:\/\/junge-erwachsene-mit-krebs.de\/wp-content\/uploads\/2018\/09\/Logo_DSfjEmK-2018.jpg","contentUrl":"https:\/\/junge-erwachsene-mit-krebs.de\/wp-content\/uploads\/2018\/09\/Logo_DSfjEmK-2018.jpg","width":1000,"height":1000,"caption":"Deutsche Stiftung f\u00fcr junge Erwachsene mit Krebs"},"image":{"@id":"https:\/\/junge-erwachsene-mit-krebs.de\/#\/schema\/logo\/image\/"}}]}},"_links":{"self":[{"href":"https:\/\/junge-erwachsene-mit-krebs.de\/ls\/wp-json\/wp\/v2\/encyclopedia\/21671","targetHints":{"allow":["GET"]}}],"collection":[{"href":"https:\/\/junge-erwachsene-mit-krebs.de\/ls\/wp-json\/wp\/v2\/encyclopedia"}],"about":[{"href":"https:\/\/junge-erwachsene-mit-krebs.de\/ls\/wp-json\/wp\/v2\/types\/encyclopedia"}],"author":[{"embeddable":true,"href":"https:\/\/junge-erwachsene-mit-krebs.de\/ls\/wp-json\/wp\/v2\/users\/9"}],"version-history":[{"count":0,"href":"https:\/\/junge-erwachsene-mit-krebs.de\/ls\/wp-json\/wp\/v2\/encyclopedia\/21671\/revisions"}],"wp:featuredmedia":[{"embeddable":true,"href":"https:\/\/junge-erwachsene-mit-krebs.de\/ls\/wp-json\/wp\/v2\/media\/13077"}],"wp:attachment":[{"href":"https:\/\/junge-erwachsene-mit-krebs.de\/ls\/wp-json\/wp\/v2\/media?parent=21671"}],"wp:term":[{"taxonomy":"encyclopedia-category","embeddable":true,"href":"https:\/\/junge-erwachsene-mit-krebs.de\/ls\/wp-json\/wp\/v2\/encyclopedia-category?post=21671"},{"taxonomy":"encyclopedia-tag","embeddable":true,"href":"https:\/\/junge-erwachsene-mit-krebs.de\/ls\/wp-json\/wp\/v2\/encyclopedia-tag?post=21671"}],"curies":[{"name":"wp","href":"https:\/\/api.w.org\/{rel}","templated":true}]}}