{"id":24834,"date":"2024-08-03T13:45:00","date_gmt":"2024-08-03T11:45:00","guid":{"rendered":"https:\/\/junge-erwachsene-mit-krebs.de\/?post_type=encyclopedia&#038;p=24834"},"modified":"2025-04-01T14:34:15","modified_gmt":"2025-04-01T12:34:15","slug":"versicherungen","status":"publish","type":"encyclopedia","link":"https:\/\/junge-erwachsene-mit-krebs.de\/ls\/wissen\/versicherungen\/","title":{"rendered":"Versicherungen"},"content":{"rendered":"\n    <div id=\"contenttextblock-block_5510e9a9026d285b8a645ba4ac8832c3\" class=\"contenttextblock_container alignfull no_introtext normal\">\n      <div class=\"main_content\">\n                <div class=\"contenttextblock_content\"><p><strong>Diese Versicherungen k\u00f6nnen Probleme bereiten<\/strong><\/p>\n<p>Bei den folgenden Versicherungen ist die Gesundheit von Bedeutung:<\/p>\n<ul class=\"wp-block-list\">\n<li>Berufsunf\u00e4higkeitsversicherung<\/li>\n<li>Erwerbsunf\u00e4higkeitsversicherung<\/li>\n<li>Risikolebensversicherung<\/li>\n<li>Kreditausfallversicherung, Restkreditversicherung<\/li>\n<li>Zusatzversicherungen<\/li>\n<li>Private Krankenversicherung<\/li>\n<\/ul>\n<p>Beim Abschluss dieser Versicherungen werden normalerweise Fragen zur Gesundheit gestellt.<\/p>\n<p>Die Frageb\u00f6gen sind unterschiedlich. Aktuelle und fr\u00fchere Erkrankungen m\u00fcssen genannt werden.<\/p>\n<p>Die behandelnden \u00c4rzte m\u00fcssen der Schweigepflicht entbunden werden.<\/p>\n<p><strong>Achtung: Fallen bei Gesundheitsfragen<\/strong><\/p>\n<ul class=\"wp-block-list\">\n<li>Bei Gesundheitsfragen muss die Wahrheit angegeben werden. Die Versicherungen haben das Recht, bei falschen Angaben Geld zur\u00fcckzufordern.<\/li>\n<\/ul>\n<ul class=\"wp-block-list\">\n<li>Auch lange zur\u00fcckliegende Krebserkrankungen m\u00fcssen angegeben werden. \u00a0Sp\u00e4tere Nachsorge-Untersuchungen oder Impfungen decken sonst sp\u00e4ter die Unwahrheit auf.<\/li>\n<\/ul>\n<ul class=\"wp-block-list\">\n<li>Auch Gentests m\u00fcssen angegeben werden. Das gilt auch f\u00fcr Blutsverwandte von Krebspatienten<\/li>\n<\/ul>\n<h3 id=\"h-erfahrungen-der-stiftung\" class=\"wp-block-heading\"><strong>Erfahrungen der Stiftung<\/strong><\/h3>\n<p>Betroffene haben der Stiftung berichtet:<\/p>\n<ul class=\"wp-block-list\">\n<li>Die Versicherungen lehnen den Vertragsabschluss manchmal ab.<\/li>\n<li>Oder Betroffene bekommen Versicherungen mit sehr hohen Pr\u00e4mien angeboten.<\/li>\n<\/ul>\n<p>Wenn die Versicherung einen Vertragsabschluss ablehnt, muss das bei der n\u00e4chsten Versicherungsgesellschaft angegeben werden.<\/p>\n<p>Wahrscheinlich lehnt dann auch die neue Versicherung einen Abschluss ab.<\/p>\n<p>Unser Rat: Fragen Sie bei mehreren Versicherungen gleichzeitig an.<\/p>\n<h3 id=\"h-wie-begrunden-die-versicherungen-die-benachteiligung-von-krebspatienten\" class=\"wp-block-heading\"><strong>Wie begr\u00fcnden die Versicherungen die Benachteiligung von Krebspatienten?<\/strong><\/h3>\n<p>Das Allgemeine Gleichbehandlungsgesetz soll eigentlich Benachteiligungen verhindern. Den Versicherungen wird aber eine Risikobewertung erlaubt, um die Kosten der Behandlung abzusch\u00e4tzen.<\/p>\n<p>Die Versicherungen sagen bei einer Ablehnung: Die m\u00f6glichen Behandlungskosten sind zu hoch. Zu hohe Behandlungskosten sind f\u00fcr die Gemeinschaft der Versicherten\u00a0<strong>nicht<\/strong>\u00a0tragbar.<\/p>\n<p>Die Versicherungen m\u00fcssen ihre Berechnungen\u00a0<strong>nicht<\/strong>\u00a0offenlegen.<\/p>\n<p>Die Stiftung setzt sich f\u00fcr eine \u00c4nderung des Allgemeinen Gleichbehandlungsgesetzes ein: Die Daten f\u00fcr die Risikobewertung und die Kalkulation m\u00fcssen nachvollziehbar sein.<\/p>\n<\/div>\n      <\/div>\n    <\/div>\n\n\n\n<h3 class=\"wp-block-heading\" id=\"h-wie-begrunden-die-versicherungen-die-benachteiligung-von-krebspatienten\"><\/h3>\n","protected":false},"excerpt":{"rendered":"<p>Benachteiligungen werden von jungen Menschen mit und nach Krebserkrankung am h\u00e4ufigsten bei Versicherungen wahrgenommen. <\/p>\n","protected":false},"author":19,"featured_media":13076,"template":"","encyclopedia-category":[362],"encyclopedia-tag":[370,368,364,369,392,394,367,384,373,363,393],"class_list":["post-24834","encyclopedia","type-encyclopedia","status-publish","has-post-thumbnail","hentry","encyclopedia-category-benachteiligungen-nach-krebs-ls","encyclopedia-tag-allgemeines-gleichbehandlungsgesetz-ls","encyclopedia-tag-benachteiligungen-nach-krebs-ls","encyclopedia-tag-berufsunfaehigkeitsversicherung-ls","encyclopedia-tag-diskriminierung-ls","encyclopedia-tag-erwerbsunfaehigkeitsversicherung-ls","encyclopedia-tag-private-krankenversicherung-ls","encyclopedia-tag-recht-auf-vergessenwerden-ls","encyclopedia-tag-restkreditversicherung-ls","encyclopedia-tag-risikolebensversicherung-ls","encyclopedia-tag-versicherungen-ls","encyclopedia-tag-zusatzversicherung-ls"],"acf":[],"yoast_head":"<!-- This site is optimized with the Yoast SEO plugin v27.3 - https:\/\/yoast.com\/product\/yoast-seo-wordpress\/ -->\n<title>Versicherungen - DSFJEMK<\/title>\n<meta name=\"robots\" content=\"index, follow, max-snippet:-1, max-image-preview:large, max-video-preview:-1\" \/>\n<link rel=\"canonical\" href=\"https:\/\/junge-erwachsene-mit-krebs.de\/ls\/wissen\/versicherungen\/\" \/>\n<meta property=\"og:locale\" content=\"de_DE\" \/>\n<meta property=\"og:type\" content=\"article\" \/>\n<meta property=\"og:title\" content=\"Versicherungen - DSFJEMK\" \/>\n<meta property=\"og:description\" content=\"Benachteiligungen werden von jungen Menschen mit und nach Krebserkrankung am h\u00e4ufigsten bei Versicherungen wahrgenommen.\" \/>\n<meta property=\"og:url\" content=\"https:\/\/junge-erwachsene-mit-krebs.de\/ls\/wissen\/versicherungen\/\" \/>\n<meta property=\"og:site_name\" content=\"DSFJEMK\" \/>\n<meta property=\"article:modified_time\" content=\"2025-04-01T12:34:15+00:00\" \/>\n<meta property=\"og:image\" content=\"https:\/\/junge-erwachsene-mit-krebs.de\/wp-content\/uploads\/2020\/04\/shield-1086703_1280_.jpg\" \/>\n\t<meta property=\"og:image:width\" content=\"2560\" \/>\n\t<meta property=\"og:image:height\" content=\"1511\" \/>\n\t<meta property=\"og:image:type\" content=\"image\/jpeg\" \/>\n<meta name=\"twitter:card\" content=\"summary_large_image\" \/>\n<meta name=\"twitter:label1\" content=\"Est. reading time\" \/>\n\t<meta name=\"twitter:data1\" content=\"1 minute\" \/>\n<script type=\"application\/ld+json\" class=\"yoast-schema-graph\">{\"@context\":\"https:\\\/\\\/schema.org\",\"@graph\":[{\"@type\":\"WebPage\",\"@id\":\"https:\\\/\\\/junge-erwachsene-mit-krebs.de\\\/ls\\\/wissen\\\/versicherungen\\\/\",\"url\":\"https:\\\/\\\/junge-erwachsene-mit-krebs.de\\\/ls\\\/wissen\\\/versicherungen\\\/\",\"name\":\"Versicherungen - DSFJEMK\",\"isPartOf\":{\"@id\":\"https:\\\/\\\/junge-erwachsene-mit-krebs.de\\\/#website\"},\"primaryImageOfPage\":{\"@id\":\"https:\\\/\\\/junge-erwachsene-mit-krebs.de\\\/ls\\\/wissen\\\/versicherungen\\\/#primaryimage\"},\"image\":{\"@id\":\"https:\\\/\\\/junge-erwachsene-mit-krebs.de\\\/ls\\\/wissen\\\/versicherungen\\\/#primaryimage\"},\"thumbnailUrl\":\"https:\\\/\\\/junge-erwachsene-mit-krebs.de\\\/wp-content\\\/uploads\\\/2020\\\/04\\\/shield-1086703_1280_.jpg\",\"datePublished\":\"2024-08-03T11:45:00+00:00\",\"dateModified\":\"2025-04-01T12:34:15+00:00\",\"breadcrumb\":{\"@id\":\"https:\\\/\\\/junge-erwachsene-mit-krebs.de\\\/ls\\\/wissen\\\/versicherungen\\\/#breadcrumb\"},\"inLanguage\":\"de-LS\",\"potentialAction\":[{\"@type\":\"ReadAction\",\"target\":[\"https:\\\/\\\/junge-erwachsene-mit-krebs.de\\\/ls\\\/wissen\\\/versicherungen\\\/\"]}]},{\"@type\":\"ImageObject\",\"inLanguage\":\"de-LS\",\"@id\":\"https:\\\/\\\/junge-erwachsene-mit-krebs.de\\\/ls\\\/wissen\\\/versicherungen\\\/#primaryimage\",\"url\":\"https:\\\/\\\/junge-erwachsene-mit-krebs.de\\\/wp-content\\\/uploads\\\/2020\\\/04\\\/shield-1086703_1280_.jpg\",\"contentUrl\":\"https:\\\/\\\/junge-erwachsene-mit-krebs.de\\\/wp-content\\\/uploads\\\/2020\\\/04\\\/shield-1086703_1280_.jpg\",\"width\":2560,\"height\":1511},{\"@type\":\"BreadcrumbList\",\"@id\":\"https:\\\/\\\/junge-erwachsene-mit-krebs.de\\\/ls\\\/wissen\\\/versicherungen\\\/#breadcrumb\",\"itemListElement\":[{\"@type\":\"ListItem\",\"position\":1,\"name\":\"Startseite\",\"item\":\"https:\\\/\\\/junge-erwachsene-mit-krebs.de\\\/ls\\\/\"},{\"@type\":\"ListItem\",\"position\":2,\"name\":\"Wissensbegriffe\",\"item\":\"https:\\\/\\\/junge-erwachsene-mit-krebs.de\\\/wissensbegriffe\\\/\"},{\"@type\":\"ListItem\",\"position\":3,\"name\":\"Versicherungen\"}]},{\"@type\":\"WebSite\",\"@id\":\"https:\\\/\\\/junge-erwachsene-mit-krebs.de\\\/#website\",\"url\":\"https:\\\/\\\/junge-erwachsene-mit-krebs.de\\\/\",\"name\":\"DSFJEMK\",\"description\":\"Deutsche Stiftung f\u00fcr junge Erwachsene mit Krebs\",\"publisher\":{\"@id\":\"https:\\\/\\\/junge-erwachsene-mit-krebs.de\\\/#organization\"},\"potentialAction\":[{\"@type\":\"SearchAction\",\"target\":{\"@type\":\"EntryPoint\",\"urlTemplate\":\"https:\\\/\\\/junge-erwachsene-mit-krebs.de\\\/?s={search_term_string}\"},\"query-input\":{\"@type\":\"PropertyValueSpecification\",\"valueRequired\":true,\"valueName\":\"search_term_string\"}}],\"inLanguage\":\"de-LS\"},{\"@type\":\"Organization\",\"@id\":\"https:\\\/\\\/junge-erwachsene-mit-krebs.de\\\/#organization\",\"name\":\"Deutsche Stiftung f\u00fcr junge Erwachsene mit Krebs\",\"url\":\"https:\\\/\\\/junge-erwachsene-mit-krebs.de\\\/\",\"logo\":{\"@type\":\"ImageObject\",\"inLanguage\":\"de-LS\",\"@id\":\"https:\\\/\\\/junge-erwachsene-mit-krebs.de\\\/#\\\/schema\\\/logo\\\/image\\\/\",\"url\":\"https:\\\/\\\/junge-erwachsene-mit-krebs.de\\\/wp-content\\\/uploads\\\/2018\\\/09\\\/Logo_DSfjEmK-2018.jpg\",\"contentUrl\":\"https:\\\/\\\/junge-erwachsene-mit-krebs.de\\\/wp-content\\\/uploads\\\/2018\\\/09\\\/Logo_DSfjEmK-2018.jpg\",\"width\":1000,\"height\":1000,\"caption\":\"Deutsche Stiftung f\u00fcr junge Erwachsene mit Krebs\"},\"image\":{\"@id\":\"https:\\\/\\\/junge-erwachsene-mit-krebs.de\\\/#\\\/schema\\\/logo\\\/image\\\/\"}}]}<\/script>\n<!-- \/ Yoast SEO plugin. -->","yoast_head_json":{"title":"Versicherungen - DSFJEMK","robots":{"index":"index","follow":"follow","max-snippet":"max-snippet:-1","max-image-preview":"max-image-preview:large","max-video-preview":"max-video-preview:-1"},"canonical":"https:\/\/junge-erwachsene-mit-krebs.de\/ls\/wissen\/versicherungen\/","og_locale":"de_DE","og_type":"article","og_title":"Versicherungen - DSFJEMK","og_description":"Benachteiligungen werden von jungen Menschen mit und nach Krebserkrankung am h\u00e4ufigsten bei Versicherungen wahrgenommen.","og_url":"https:\/\/junge-erwachsene-mit-krebs.de\/ls\/wissen\/versicherungen\/","og_site_name":"DSFJEMK","article_modified_time":"2025-04-01T12:34:15+00:00","og_image":[{"width":2560,"height":1511,"url":"https:\/\/junge-erwachsene-mit-krebs.de\/wp-content\/uploads\/2020\/04\/shield-1086703_1280_.jpg","type":"image\/jpeg"}],"twitter_card":"summary_large_image","twitter_misc":{"Est. reading time":"1 minute"},"schema":{"@context":"https:\/\/schema.org","@graph":[{"@type":"WebPage","@id":"https:\/\/junge-erwachsene-mit-krebs.de\/ls\/wissen\/versicherungen\/","url":"https:\/\/junge-erwachsene-mit-krebs.de\/ls\/wissen\/versicherungen\/","name":"Versicherungen - DSFJEMK","isPartOf":{"@id":"https:\/\/junge-erwachsene-mit-krebs.de\/#website"},"primaryImageOfPage":{"@id":"https:\/\/junge-erwachsene-mit-krebs.de\/ls\/wissen\/versicherungen\/#primaryimage"},"image":{"@id":"https:\/\/junge-erwachsene-mit-krebs.de\/ls\/wissen\/versicherungen\/#primaryimage"},"thumbnailUrl":"https:\/\/junge-erwachsene-mit-krebs.de\/wp-content\/uploads\/2020\/04\/shield-1086703_1280_.jpg","datePublished":"2024-08-03T11:45:00+00:00","dateModified":"2025-04-01T12:34:15+00:00","breadcrumb":{"@id":"https:\/\/junge-erwachsene-mit-krebs.de\/ls\/wissen\/versicherungen\/#breadcrumb"},"inLanguage":"de-LS","potentialAction":[{"@type":"ReadAction","target":["https:\/\/junge-erwachsene-mit-krebs.de\/ls\/wissen\/versicherungen\/"]}]},{"@type":"ImageObject","inLanguage":"de-LS","@id":"https:\/\/junge-erwachsene-mit-krebs.de\/ls\/wissen\/versicherungen\/#primaryimage","url":"https:\/\/junge-erwachsene-mit-krebs.de\/wp-content\/uploads\/2020\/04\/shield-1086703_1280_.jpg","contentUrl":"https:\/\/junge-erwachsene-mit-krebs.de\/wp-content\/uploads\/2020\/04\/shield-1086703_1280_.jpg","width":2560,"height":1511},{"@type":"BreadcrumbList","@id":"https:\/\/junge-erwachsene-mit-krebs.de\/ls\/wissen\/versicherungen\/#breadcrumb","itemListElement":[{"@type":"ListItem","position":1,"name":"Startseite","item":"https:\/\/junge-erwachsene-mit-krebs.de\/ls\/"},{"@type":"ListItem","position":2,"name":"Wissensbegriffe","item":"https:\/\/junge-erwachsene-mit-krebs.de\/wissensbegriffe\/"},{"@type":"ListItem","position":3,"name":"Versicherungen"}]},{"@type":"WebSite","@id":"https:\/\/junge-erwachsene-mit-krebs.de\/#website","url":"https:\/\/junge-erwachsene-mit-krebs.de\/","name":"DSFJEMK","description":"Deutsche Stiftung f\u00fcr junge Erwachsene mit Krebs","publisher":{"@id":"https:\/\/junge-erwachsene-mit-krebs.de\/#organization"},"potentialAction":[{"@type":"SearchAction","target":{"@type":"EntryPoint","urlTemplate":"https:\/\/junge-erwachsene-mit-krebs.de\/?s={search_term_string}"},"query-input":{"@type":"PropertyValueSpecification","valueRequired":true,"valueName":"search_term_string"}}],"inLanguage":"de-LS"},{"@type":"Organization","@id":"https:\/\/junge-erwachsene-mit-krebs.de\/#organization","name":"Deutsche Stiftung f\u00fcr junge Erwachsene mit Krebs","url":"https:\/\/junge-erwachsene-mit-krebs.de\/","logo":{"@type":"ImageObject","inLanguage":"de-LS","@id":"https:\/\/junge-erwachsene-mit-krebs.de\/#\/schema\/logo\/image\/","url":"https:\/\/junge-erwachsene-mit-krebs.de\/wp-content\/uploads\/2018\/09\/Logo_DSfjEmK-2018.jpg","contentUrl":"https:\/\/junge-erwachsene-mit-krebs.de\/wp-content\/uploads\/2018\/09\/Logo_DSfjEmK-2018.jpg","width":1000,"height":1000,"caption":"Deutsche Stiftung f\u00fcr junge Erwachsene mit Krebs"},"image":{"@id":"https:\/\/junge-erwachsene-mit-krebs.de\/#\/schema\/logo\/image\/"}}]}},"_links":{"self":[{"href":"https:\/\/junge-erwachsene-mit-krebs.de\/ls\/wp-json\/wp\/v2\/encyclopedia\/24834","targetHints":{"allow":["GET"]}}],"collection":[{"href":"https:\/\/junge-erwachsene-mit-krebs.de\/ls\/wp-json\/wp\/v2\/encyclopedia"}],"about":[{"href":"https:\/\/junge-erwachsene-mit-krebs.de\/ls\/wp-json\/wp\/v2\/types\/encyclopedia"}],"author":[{"embeddable":true,"href":"https:\/\/junge-erwachsene-mit-krebs.de\/ls\/wp-json\/wp\/v2\/users\/19"}],"version-history":[{"count":0,"href":"https:\/\/junge-erwachsene-mit-krebs.de\/ls\/wp-json\/wp\/v2\/encyclopedia\/24834\/revisions"}],"wp:featuredmedia":[{"embeddable":true,"href":"https:\/\/junge-erwachsene-mit-krebs.de\/ls\/wp-json\/wp\/v2\/media\/13076"}],"wp:attachment":[{"href":"https:\/\/junge-erwachsene-mit-krebs.de\/ls\/wp-json\/wp\/v2\/media?parent=24834"}],"wp:term":[{"taxonomy":"encyclopedia-category","embeddable":true,"href":"https:\/\/junge-erwachsene-mit-krebs.de\/ls\/wp-json\/wp\/v2\/encyclopedia-category?post=24834"},{"taxonomy":"encyclopedia-tag","embeddable":true,"href":"https:\/\/junge-erwachsene-mit-krebs.de\/ls\/wp-json\/wp\/v2\/encyclopedia-tag?post=24834"}],"curies":[{"name":"wp","href":"https:\/\/api.w.org\/{rel}","templated":true}]}}