{"id":21733,"date":"2019-09-16T16:50:06","date_gmt":"2019-09-16T14:50:06","guid":{"rendered":"https:\/\/junge-erwachsene-mit-krebs.de\/wissen\/"},"modified":"2025-04-03T15:42:32","modified_gmt":"2025-04-03T13:42:32","slug":"wissen","status":"publish","type":"page","link":"https:\/\/junge-erwachsene-mit-krebs.de\/ls\/wissen\/","title":{"rendered":"Wissen f\u00fcr Dich"},"content":{"rendered":"\n<p class=\"has-text-align-left\">Es gibt Themen, zu denen es unserer Meinung nach zu wenig verst\u00e4ndliche und gut erreichbare Informationen gibt. Das wollen wir \u00e4ndern.<\/p>\n\n\n\n\n    <div class=\"glossar_search\">\n      <!-- Widget Shortcode --><div id=\"encyclopedia_search-2\" class=\"widget widget_encyclopedia_search widget-shortcode area-arbitrary \"><h2 class=\"widgettitle\">Search<\/h2><form role=\"search\" method=\"get\" class=\"encyclopedia search-form\" action=\"https:\/\/junge-erwachsene-mit-krebs.de\/ls\/wissensbegriffe\/\">\n  \n  \n  <label class=\"screen-reader-text\" for=\"encyclopedia-search-term\"><\/label>\n  <input type=\"text\" id=\"encyclopedia-search-term\" name=\"s\" class=\"search-field\" value=\"\" placeholder=\"Search&hellip;\">\n  <input type=\"submit\" class=\"search-submit submit button avia-font-entypo-fontello\" id=\"searchsubmit encyclopedia-search-submit\" value=\"\ue803\"><\/input>\n<\/form>\n<\/div><!-- \/Widget Shortcode -->    <\/div>\n\n\n\n   <div class=\"gk_container\">\n     <h2>Kategorien<\/h2>\n       <div class=\"row\">\n                    <a class=\"gk_button\" href=\"https:\/\/junge-erwachsene-mit-krebs.de\/ls\/wissensbegriffe\/category\/antraege_an_kassen_und_aemter-ls\/\">\n             <div class=\"gk_content\">\n               <!-- <div class=\"gk_logo\">\n                 <img decoding=\"async\" src=\"\" \/>\n               <\/div> -->\n               <div class=\"gk_title no-cross-linking\">Antr\u00e4ge an Kassen &amp; \u00c4mter<\/div>\n             <\/div>\n           <\/a>           <a class=\"gk_button\" href=\"https:\/\/junge-erwachsene-mit-krebs.de\/ls\/wissensbegriffe\/category\/benachteiligungen-nach-krebs-ls\/\">\n             <div class=\"gk_content\">\n               <!-- <div class=\"gk_logo\">\n                 <img decoding=\"async\" src=\"\" \/>\n               <\/div> -->\n               <div class=\"gk_title no-cross-linking\">Benachteiligungen nach Krebs<\/div>\n             <\/div>\n           <\/a>           <a class=\"gk_button\" href=\"https:\/\/junge-erwachsene-mit-krebs.de\/ls\/wissensbegriffe\/category\/familie-und-krebs-ls\/\">\n             <div class=\"gk_content\">\n               <!-- <div class=\"gk_logo\">\n                 <img decoding=\"async\" src=\"\" \/>\n               <\/div> -->\n               <div class=\"gk_title no-cross-linking\">Familie &amp; Krebs<\/div>\n             <\/div>\n           <\/a>           <a class=\"gk_button\" href=\"https:\/\/junge-erwachsene-mit-krebs.de\/ls\/wissensbegriffe\/category\/fruchtbarkeitserhalt-ls\/\">\n             <div class=\"gk_content\">\n               <!-- <div class=\"gk_logo\">\n                 <img decoding=\"async\" src=\"\" \/>\n               <\/div> -->\n               <div class=\"gk_title no-cross-linking\">Fruchtbarkeitserhalt<\/div>\n             <\/div>\n           <\/a>           <a class=\"gk_button\" href=\"https:\/\/junge-erwachsene-mit-krebs.de\/ls\/wissensbegriffe\/category\/krankschreibung-und-krankengeld-ls\/\">\n             <div class=\"gk_content\">\n               <!-- <div class=\"gk_logo\">\n                 <img decoding=\"async\" src=\"\" \/>\n               <\/div> -->\n               <div class=\"gk_title no-cross-linking\">Krankschreibung &amp; Krankengeld<\/div>\n             <\/div>\n           <\/a>           <a class=\"gk_button\" href=\"https:\/\/junge-erwachsene-mit-krebs.de\/ls\/wissensbegriffe\/category\/schwerbehindertenausweis-ls\/\">\n             <div class=\"gk_content\">\n               <!-- <div class=\"gk_logo\">\n                 <img decoding=\"async\" src=\"\" \/>\n               <\/div> -->\n               <div class=\"gk_title no-cross-linking\">Schwerbehindertenausweis<\/div>\n             <\/div>\n           <\/a>           <a class=\"gk_button\" href=\"https:\/\/junge-erwachsene-mit-krebs.de\/ls\/wissensbegriffe\/category\/studium-und-krebs-ls\/\">\n             <div class=\"gk_content\">\n               <!-- <div class=\"gk_logo\">\n                 <img decoding=\"async\" src=\"\" \/>\n               <\/div> -->\n               <div class=\"gk_title no-cross-linking\">Studium &amp; Krebs<\/div>\n             <\/div>\n           <\/a>           <a class=\"gk_button\" href=\"https:\/\/junge-erwachsene-mit-krebs.de\/ls\/wissensbegriffe\/category\/zuzahlungen-ls\/\">\n             <div class=\"gk_content\">\n               <!-- <div class=\"gk_logo\">\n                 <img decoding=\"async\" src=\"\" \/>\n               <\/div> -->\n               <div class=\"gk_title no-cross-linking\">Zuzahlungen<\/div>\n             <\/div>\n           <\/a>     <\/div>\n\n              <form class=\"gk_more_button_container\">\n           <a href=\"\/wissensbegriffe\" type=\"button\" class=\"button-primary\">Alle Beitr\u00e4ge<\/a>\n         <\/form>\n          <\/div>\n\n\n\n     <div class=\"sw_container\">\n       <h2>Schlagworte<\/h2>\n         <div class=\"row\">\n                        <a class=\"single_tag_link\" href=\"https:\/\/junge-erwachsene-mit-krebs.de\/ls\/wissensbegriffe\/tag\/ablehnung-der-verbeamtung-ls\/\">\n               Ablehnung der Verbeamtung             <\/a>             <a class=\"single_tag_link\" href=\"https:\/\/junge-erwachsene-mit-krebs.de\/ls\/wissensbegriffe\/tag\/adoption-ls\/\">\n               Adoption             <\/a>             <a class=\"single_tag_link\" href=\"https:\/\/junge-erwachsene-mit-krebs.de\/ls\/wissensbegriffe\/tag\/adoptionseignung-ls\/\">\n               Adoptionseignung             <\/a>             <a class=\"single_tag_link\" href=\"https:\/\/junge-erwachsene-mit-krebs.de\/ls\/wissensbegriffe\/tag\/adoptionsvermittlung-ls\/\">\n               Adoptionsvermittlung             <\/a>             <a class=\"single_tag_link\" href=\"https:\/\/junge-erwachsene-mit-krebs.de\/ls\/wissensbegriffe\/tag\/allgemeines-gleichbehandlungsgesetz-ls\/\">\n               Allgemeines Gleichbehandlungsgesetz             <\/a>             <a class=\"single_tag_link\" href=\"https:\/\/junge-erwachsene-mit-krebs.de\/ls\/wissensbegriffe\/tag\/arbeitsbedingungen-ls\/\">\n               Arbeitsbedingungen             <\/a>             <a class=\"single_tag_link\" href=\"https:\/\/junge-erwachsene-mit-krebs.de\/ls\/wissensbegriffe\/tag\/ausgrenzung-ls\/\">\n               Ausgrenzung             <\/a>             <a class=\"single_tag_link\" href=\"https:\/\/junge-erwachsene-mit-krebs.de\/ls\/wissensbegriffe\/tag\/autokredit-ls\/\">\n               Autokredit             <\/a>             <a class=\"single_tag_link\" href=\"https:\/\/junge-erwachsene-mit-krebs.de\/ls\/wissensbegriffe\/tag\/benachteiligungen-nach-krebs-ls\/\">\n               Benachteiligungen nach Krebs             <\/a>             <a class=\"single_tag_link\" href=\"https:\/\/junge-erwachsene-mit-krebs.de\/ls\/wissensbegriffe\/tag\/berufsunfaehigkeitsversicherung-ls\/\">\n               Berufsunf\u00e4higkeitsversicherung             <\/a>             <a class=\"single_tag_link\" href=\"https:\/\/junge-erwachsene-mit-krebs.de\/ls\/wissensbegriffe\/tag\/bewerbung-ls\/\">\n               Bewerbung             <\/a>             <a class=\"single_tag_link\" href=\"https:\/\/junge-erwachsene-mit-krebs.de\/ls\/wissensbegriffe\/tag\/bonitaetspruefung-ls\/\">\n               Bonit\u00e4tspr\u00fcfung             <\/a>             <a class=\"single_tag_link\" href=\"https:\/\/junge-erwachsene-mit-krebs.de\/ls\/wissensbegriffe\/tag\/diskriminierung-ls\/\">\n               Diskriminierung             <\/a>             <a class=\"single_tag_link\" href=\"https:\/\/junge-erwachsene-mit-krebs.de\/ls\/wissensbegriffe\/tag\/dispokredit-ls\/\">\n               Dispokredit             <\/a>             <a class=\"single_tag_link\" href=\"https:\/\/junge-erwachsene-mit-krebs.de\/ls\/wissensbegriffe\/tag\/engagement-gegen-diskriminierung-ls\/\">\n               Engagement gegen Diskriminierung             <\/a>             <a class=\"single_tag_link\" href=\"https:\/\/junge-erwachsene-mit-krebs.de\/ls\/wissensbegriffe\/tag\/erfahrungsberichte-ls\/\">\n               Erfahrungsberichte             <\/a>             <a class=\"single_tag_link\" href=\"https:\/\/junge-erwachsene-mit-krebs.de\/ls\/wissensbegriffe\/tag\/erwerbsunfaehigkeitsversicherung-ls\/\">\n               Erwerbsunf\u00e4higkeitsversicherung             <\/a>             <a class=\"single_tag_link\" href=\"https:\/\/junge-erwachsene-mit-krebs.de\/ls\/wissensbegriffe\/tag\/gesundheitliche-eignung-ls\/\">\n               Gesundheitliche Eignung             <\/a>             <a class=\"single_tag_link\" href=\"https:\/\/junge-erwachsene-mit-krebs.de\/ls\/wissensbegriffe\/tag\/gesundheitszeugnis-ls\/\">\n               Gesundheitszeugnis             <\/a>             <a class=\"single_tag_link\" href=\"https:\/\/junge-erwachsene-mit-krebs.de\/ls\/wissensbegriffe\/tag\/immobilienkredit-ls\/\">\n               Immobilienkredit             <\/a>             <a class=\"single_tag_link\" href=\"https:\/\/junge-erwachsene-mit-krebs.de\/ls\/wissensbegriffe\/tag\/klage-ls\/\">\n               Klage             <\/a>             <a class=\"single_tag_link\" href=\"https:\/\/junge-erwachsene-mit-krebs.de\/ls\/wissensbegriffe\/tag\/kredite-ls\/\">\n               Kredite             <\/a>             <a class=\"single_tag_link\" href=\"https:\/\/junge-erwachsene-mit-krebs.de\/ls\/wissensbegriffe\/tag\/polizeidienst-ls\/\">\n               Polizeidienst             <\/a>             <a class=\"single_tag_link\" href=\"https:\/\/junge-erwachsene-mit-krebs.de\/ls\/wissensbegriffe\/tag\/polizeidiensttauglichkeit-ls\/\">\n               Polizeidiensttauglichkeit             <\/a>             <a class=\"single_tag_link\" href=\"https:\/\/junge-erwachsene-mit-krebs.de\/ls\/wissensbegriffe\/tag\/private-krankenversicherung-ls\/\">\n               Private Krankenversicherung             <\/a>             <a class=\"single_tag_link\" href=\"https:\/\/junge-erwachsene-mit-krebs.de\/ls\/wissensbegriffe\/tag\/ratenkredit-ls\/\">\n               Ratenkredit             <\/a>             <a class=\"single_tag_link\" href=\"https:\/\/junge-erwachsene-mit-krebs.de\/ls\/wissensbegriffe\/tag\/recht-auf-vergessen-ls\/\">\n               Recht auf Vergessen             <\/a>             <a class=\"single_tag_link\" href=\"https:\/\/junge-erwachsene-mit-krebs.de\/ls\/wissensbegriffe\/tag\/recht-auf-vergessenwerden-ls\/\">\n               Recht auf Vergessenwerden             <\/a>             <a class=\"single_tag_link\" href=\"https:\/\/junge-erwachsene-mit-krebs.de\/ls\/wissensbegriffe\/tag\/restkreditversicherung-ls\/\">\n               Restkreditversicherung             <\/a>             <a class=\"single_tag_link\" href=\"https:\/\/junge-erwachsene-mit-krebs.de\/ls\/wissensbegriffe\/tag\/risikolebensversicherung-ls\/\">\n               Risikolebensversicherung             <\/a>             <a class=\"single_tag_link\" href=\"https:\/\/junge-erwachsene-mit-krebs.de\/ls\/wissensbegriffe\/tag\/studienkredit-ls\/\">\n               Studienkredit             <\/a>             <a class=\"single_tag_link\" href=\"https:\/\/junge-erwachsene-mit-krebs.de\/ls\/wissensbegriffe\/tag\/ungleichbehandlung-ls\/\">\n               Ungleichbehandlung             <\/a>             <a class=\"single_tag_link\" href=\"https:\/\/junge-erwachsene-mit-krebs.de\/ls\/wissensbegriffe\/tag\/verbeamtung-ls\/\">\n               Verbeamtung             <\/a>             <a class=\"single_tag_link\" href=\"https:\/\/junge-erwachsene-mit-krebs.de\/ls\/wissensbegriffe\/tag\/versicherungen-ls\/\">\n               Versicherungen             <\/a>             <a class=\"single_tag_link\" href=\"https:\/\/junge-erwachsene-mit-krebs.de\/ls\/wissensbegriffe\/tag\/verwaltung\/\">\n               Verwaltung             <\/a>             <a class=\"single_tag_link\" href=\"https:\/\/junge-erwachsene-mit-krebs.de\/ls\/wissensbegriffe\/tag\/verwaltungsgericht-ls\/\">\n               Verwaltungsgericht             <\/a>             <a class=\"single_tag_link\" href=\"https:\/\/junge-erwachsene-mit-krebs.de\/ls\/wissensbegriffe\/tag\/zusatzversicherung-ls\/\">\n               Zusatzversicherung             <\/a>       <\/div>\n   <\/div>\n\n\n\n          <div class=\"ku_container bkp_encylopedia\">\n              <div class=\"bkp_titel no-cross-linking\">\n         <h2>Weitere Beitr\u00e4ge<\/h2>\n       <\/div>\n         <div class=\"row\">\n     \t\t\t                  \t\t\t\t<a class=\"bkp_kachel bkp_encylopedia teaserkachel\" href=\"https:\/\/junge-erwachsene-mit-krebs.de\/ls\/wissen\/polizeidienst\/\" target=\"\">\n                              <div class=\"bkp_logo_link\" >\n                 <div class=\"bkp_logo\" style=\"background-image:url(https:\/\/junge-erwachsene-mit-krebs.de\/wp-content\/uploads\/2020\/02\/info-1086703_1280_teaser-scaled-e1582889173163-768x475.jpg);background-repeat:no-repeat;background-position:center; background-size:cover;\"><\/div>\n               <\/div>\n               <div class=\"bkp_content\">\n                                  <div class=\"bkp_title no-cross-linking\">\n                     <div class=\"bkp_title_link\">Polizeidienst<\/div>\n                 <\/div>\n                 <div class=\"bkp_excerpt\">\n                   <div class=\"bkp_excerpt_text no-cross-linking\">F\u00fcr junge Menschen mit einer geheilten Krebserkrankung kann die Einstellung in den Polizeidienst schwierig werden und die Verh\u00e4ltnisse sind intransparent.\n&#8230; <\/div>\n                 <\/div>\n               <\/div>\n     \t\t\t\t<\/a>\n                  \t\t\t                  \t\t\t\t<a class=\"bkp_kachel bkp_encylopedia \" href=\"https:\/\/junge-erwachsene-mit-krebs.de\/ls\/wissen\/verbeamtung\/\" target=\"\">\n                              <div class=\"bkp_logo_link\" >\n                 <div class=\"bkp_logo\" style=\"background-image:url(https:\/\/junge-erwachsene-mit-krebs.de\/wp-content\/uploads\/2020\/04\/pen-3128958_1280_teaser-scaled-e1587050807203-768x384.jpg);background-repeat:no-repeat;background-position:center; background-size:cover;\"><\/div>\n               <\/div>\n               <div class=\"bkp_content\">\n                                  <div class=\"bkp_title no-cross-linking\">\n                     <div class=\"bkp_title_link\">Verbeamtung<\/div>\n                 <\/div>\n                 <div class=\"bkp_excerpt\">\n                   <div class=\"bkp_excerpt_text no-cross-linking\">Vor der Verbeamtung wird die gesundheitliche Eignung durch eine amts\u00e4rztliche Untersuchung \u00fcberpr\u00fcft. Eine H\u00fcrde f\u00fcr Betroffene mit und nach Krebs?\n&#8230; <\/div>\n                 <\/div>\n               <\/div>\n     \t\t\t\t<\/a>\n                  \t\t\t                  \t\t\t\t<a class=\"bkp_kachel bkp_encylopedia \" href=\"https:\/\/junge-erwachsene-mit-krebs.de\/ls\/wissen\/adoption\/\" target=\"\">\n                              <div class=\"bkp_logo_link\" >\n                 <div class=\"bkp_logo\" style=\"background-image:url(https:\/\/junge-erwachsene-mit-krebs.de\/wp-content\/uploads\/2020\/02\/contract-1481587_1280_teaser-scaled-e1582562285914-768x473.jpg);background-repeat:no-repeat;background-position:center; background-size:cover;\"><\/div>\n               <\/div>\n               <div class=\"bkp_content\">\n                                  <div class=\"bkp_title no-cross-linking\">\n                     <div class=\"bkp_title_link\">Adoption<\/div>\n                 <\/div>\n                 <div class=\"bkp_excerpt\">\n                   <div class=\"bkp_excerpt_text no-cross-linking\">Krebs und Krebsbehandlung k\u00f6nnen unfruchtbar machen. Wer die Krankheit langfristig \u00fcberstanden hat, denkt daher vielleicht auch \u00fcber eine Adoption nach. \n&#8230; <\/div>\n                 <\/div>\n               <\/div>\n     \t\t\t\t<\/a>\n                  \t\t\t                  \t\t\t\t<a class=\"bkp_kachel bkp_encylopedia \" href=\"https:\/\/junge-erwachsene-mit-krebs.de\/ls\/wissen\/bewerbung-einstellung-und-beruf\/\" target=\"\">\n                              <div class=\"bkp_logo_link\" >\n                 <div class=\"bkp_logo\" style=\"background-image:url(https:\/\/junge-erwachsene-mit-krebs.de\/wp-content\/uploads\/2020\/02\/document-3503099_1280_teaser-scaled-e1582562166956-768x473.jpg);background-repeat:no-repeat;background-position:center; background-size:cover;\"><\/div>\n               <\/div>\n               <div class=\"bkp_content\">\n                                  <div class=\"bkp_title no-cross-linking\">\n                     <div class=\"bkp_title_link\">Bewerbung, Einstellung und Beruf<\/div>\n                 <\/div>\n                 <div class=\"bkp_excerpt\">\n                   <div class=\"bkp_excerpt_text no-cross-linking\">Ungleichbehandlung bei Einstellung und im Beruf wegen einer Behinderung ist verboten \u2013 aber es gibt Ausnahmen und schwierige Situationen\n&#8230; <\/div>\n                 <\/div>\n               <\/div>\n     \t\t\t\t<\/a>\n                  \t\t\t     \t\t\t     \t\t<\/div>\n\n              <\/div>\n     \n","protected":false},"excerpt":{"rendered":"<p>Es gibt Themen, zu denen es unserer Meinung nach zu wenig verst\u00e4ndliche und gut erreichbare Informationen gibt. Das wollen wir \u00e4ndern.<\/p>\n","protected":false},"author":1,"featured_media":0,"parent":0,"menu_order":0,"comment_status":"closed","ping_status":"closed","template":"","meta":{"_acf_changed":false,"give_campaign_id":0,"neve_meta_sidebar":"","neve_meta_container":"","neve_meta_enable_content_width":"","neve_meta_content_width":0,"neve_meta_title_alignment":"","neve_meta_author_avatar":"","neve_post_elements_order":"","neve_meta_disable_header":"","neve_meta_disable_footer":"","neve_meta_disable_title":"","neve_meta_reading_time":"","footnotes":""},"class_list":["post-21733","page","type-page","status-publish","hentry"],"acf":[],"yoast_head":"<!-- This site is optimized with the Yoast SEO plugin v27.3 - https:\/\/yoast.com\/product\/yoast-seo-wordpress\/ -->\n<title>Wissen f\u00fcr Dich - DSFJEMK<\/title>\n<meta name=\"robots\" content=\"index, follow, max-snippet:-1, max-image-preview:large, max-video-preview:-1\" \/>\n<link rel=\"canonical\" href=\"https:\/\/junge-erwachsene-mit-krebs.de\/ls\/wissen\/\" \/>\n<meta property=\"og:locale\" content=\"de_DE\" \/>\n<meta property=\"og:type\" content=\"article\" \/>\n<meta property=\"og:title\" content=\"Wissen - Wichtige Informationen f\u00fcr junge Erwachsene mit Krebs\" \/>\n<meta property=\"og:description\" content=\"Es gibt Themen, zu denen es unserer Meinung nach zu wenig verst\u00e4ndliche und gut erreichbare Informationen gibt. Das wollen wir \u00e4ndern.\" \/>\n<meta property=\"og:url\" content=\"https:\/\/junge-erwachsene-mit-krebs.de\/ls\/wissen\/\" \/>\n<meta property=\"og:site_name\" content=\"DSFJEMK\" \/>\n<meta property=\"article:modified_time\" content=\"2025-04-03T13:42:32+00:00\" \/>\n<meta property=\"og:image\" content=\"https:\/\/junge-erwachsene-mit-krebs.de\/wp-content\/uploads\/2020\/04\/Wissensseiten-e1585752420433.png\" \/>\n\t<meta property=\"og:image:width\" content=\"5573\" \/>\n\t<meta property=\"og:image:height\" content=\"2786\" \/>\n\t<meta property=\"og:image:type\" content=\"image\/png\" \/>\n<meta name=\"twitter:card\" content=\"summary_large_image\" \/>\n<meta name=\"twitter:title\" content=\"Wissen - Wichtige Informationen f\u00fcr junge Erwachsene mit Krebs\" \/>\n<meta name=\"twitter:description\" content=\"Es gibt Themen, zu denen es unserer Meinung nach zu wenig verst\u00e4ndliche und gut erreichbare Informationen gibt. Das wollen wir \u00e4ndern.\" \/>\n<meta name=\"twitter:image\" content=\"https:\/\/junge-erwachsene-mit-krebs.de\/wp-content\/uploads\/2020\/04\/Wissensseiten-e1585752420433.png\" \/>\n<meta name=\"twitter:label1\" content=\"Est. reading time\" \/>\n\t<meta name=\"twitter:data1\" content=\"1 minute\" \/>\n<script type=\"application\/ld+json\" class=\"yoast-schema-graph\">{\"@context\":\"https:\\\/\\\/schema.org\",\"@graph\":[{\"@type\":\"WebPage\",\"@id\":\"https:\\\/\\\/junge-erwachsene-mit-krebs.de\\\/ls\\\/wissen\\\/\",\"url\":\"https:\\\/\\\/junge-erwachsene-mit-krebs.de\\\/ls\\\/wissen\\\/\",\"name\":\"Wissen f\u00fcr Dich - DSFJEMK\",\"isPartOf\":{\"@id\":\"https:\\\/\\\/junge-erwachsene-mit-krebs.de\\\/#website\"},\"datePublished\":\"2019-09-16T14:50:06+00:00\",\"dateModified\":\"2025-04-03T13:42:32+00:00\",\"breadcrumb\":{\"@id\":\"https:\\\/\\\/junge-erwachsene-mit-krebs.de\\\/ls\\\/wissen\\\/#breadcrumb\"},\"inLanguage\":\"de-LS\",\"potentialAction\":[{\"@type\":\"ReadAction\",\"target\":[\"https:\\\/\\\/junge-erwachsene-mit-krebs.de\\\/ls\\\/wissen\\\/\"]}]},{\"@type\":\"BreadcrumbList\",\"@id\":\"https:\\\/\\\/junge-erwachsene-mit-krebs.de\\\/ls\\\/wissen\\\/#breadcrumb\",\"itemListElement\":[{\"@type\":\"ListItem\",\"position\":1,\"name\":\"Startseite\",\"item\":\"https:\\\/\\\/junge-erwachsene-mit-krebs.de\\\/ls\\\/\"},{\"@type\":\"ListItem\",\"position\":2,\"name\":\"Wissen f\u00fcr Dich\"}]},{\"@type\":\"WebSite\",\"@id\":\"https:\\\/\\\/junge-erwachsene-mit-krebs.de\\\/#website\",\"url\":\"https:\\\/\\\/junge-erwachsene-mit-krebs.de\\\/\",\"name\":\"DSFJEMK\",\"description\":\"Deutsche Stiftung f\u00fcr junge Erwachsene mit Krebs\",\"publisher\":{\"@id\":\"https:\\\/\\\/junge-erwachsene-mit-krebs.de\\\/#organization\"},\"potentialAction\":[{\"@type\":\"SearchAction\",\"target\":{\"@type\":\"EntryPoint\",\"urlTemplate\":\"https:\\\/\\\/junge-erwachsene-mit-krebs.de\\\/?s={search_term_string}\"},\"query-input\":{\"@type\":\"PropertyValueSpecification\",\"valueRequired\":true,\"valueName\":\"search_term_string\"}}],\"inLanguage\":\"de-LS\"},{\"@type\":\"Organization\",\"@id\":\"https:\\\/\\\/junge-erwachsene-mit-krebs.de\\\/#organization\",\"name\":\"Deutsche Stiftung f\u00fcr junge Erwachsene mit Krebs\",\"url\":\"https:\\\/\\\/junge-erwachsene-mit-krebs.de\\\/\",\"logo\":{\"@type\":\"ImageObject\",\"inLanguage\":\"de-LS\",\"@id\":\"https:\\\/\\\/junge-erwachsene-mit-krebs.de\\\/#\\\/schema\\\/logo\\\/image\\\/\",\"url\":\"https:\\\/\\\/junge-erwachsene-mit-krebs.de\\\/wp-content\\\/uploads\\\/2018\\\/09\\\/Logo_DSfjEmK-2018.jpg\",\"contentUrl\":\"https:\\\/\\\/junge-erwachsene-mit-krebs.de\\\/wp-content\\\/uploads\\\/2018\\\/09\\\/Logo_DSfjEmK-2018.jpg\",\"width\":1000,\"height\":1000,\"caption\":\"Deutsche Stiftung f\u00fcr junge Erwachsene mit Krebs\"},\"image\":{\"@id\":\"https:\\\/\\\/junge-erwachsene-mit-krebs.de\\\/#\\\/schema\\\/logo\\\/image\\\/\"}}]}<\/script>\n<!-- \/ Yoast SEO plugin. -->","yoast_head_json":{"title":"Wissen f\u00fcr Dich - DSFJEMK","robots":{"index":"index","follow":"follow","max-snippet":"max-snippet:-1","max-image-preview":"max-image-preview:large","max-video-preview":"max-video-preview:-1"},"canonical":"https:\/\/junge-erwachsene-mit-krebs.de\/ls\/wissen\/","og_locale":"de_DE","og_type":"article","og_title":"Wissen - Wichtige Informationen f\u00fcr junge Erwachsene mit Krebs","og_description":"Es gibt Themen, zu denen es unserer Meinung nach zu wenig verst\u00e4ndliche und gut erreichbare Informationen gibt. Das wollen wir \u00e4ndern.","og_url":"https:\/\/junge-erwachsene-mit-krebs.de\/ls\/wissen\/","og_site_name":"DSFJEMK","article_modified_time":"2025-04-03T13:42:32+00:00","og_image":[{"width":5573,"height":2786,"url":"https:\/\/junge-erwachsene-mit-krebs.de\/wp-content\/uploads\/2020\/04\/Wissensseiten-e1585752420433.png","type":"image\/png"}],"twitter_card":"summary_large_image","twitter_title":"Wissen - Wichtige Informationen f\u00fcr junge Erwachsene mit Krebs","twitter_description":"Es gibt Themen, zu denen es unserer Meinung nach zu wenig verst\u00e4ndliche und gut erreichbare Informationen gibt. Das wollen wir \u00e4ndern.","twitter_image":"https:\/\/junge-erwachsene-mit-krebs.de\/wp-content\/uploads\/2020\/04\/Wissensseiten-e1585752420433.png","twitter_misc":{"Est. reading time":"1 minute"},"schema":{"@context":"https:\/\/schema.org","@graph":[{"@type":"WebPage","@id":"https:\/\/junge-erwachsene-mit-krebs.de\/ls\/wissen\/","url":"https:\/\/junge-erwachsene-mit-krebs.de\/ls\/wissen\/","name":"Wissen f\u00fcr Dich - DSFJEMK","isPartOf":{"@id":"https:\/\/junge-erwachsene-mit-krebs.de\/#website"},"datePublished":"2019-09-16T14:50:06+00:00","dateModified":"2025-04-03T13:42:32+00:00","breadcrumb":{"@id":"https:\/\/junge-erwachsene-mit-krebs.de\/ls\/wissen\/#breadcrumb"},"inLanguage":"de-LS","potentialAction":[{"@type":"ReadAction","target":["https:\/\/junge-erwachsene-mit-krebs.de\/ls\/wissen\/"]}]},{"@type":"BreadcrumbList","@id":"https:\/\/junge-erwachsene-mit-krebs.de\/ls\/wissen\/#breadcrumb","itemListElement":[{"@type":"ListItem","position":1,"name":"Startseite","item":"https:\/\/junge-erwachsene-mit-krebs.de\/ls\/"},{"@type":"ListItem","position":2,"name":"Wissen f\u00fcr Dich"}]},{"@type":"WebSite","@id":"https:\/\/junge-erwachsene-mit-krebs.de\/#website","url":"https:\/\/junge-erwachsene-mit-krebs.de\/","name":"DSFJEMK","description":"Deutsche Stiftung f\u00fcr junge Erwachsene mit Krebs","publisher":{"@id":"https:\/\/junge-erwachsene-mit-krebs.de\/#organization"},"potentialAction":[{"@type":"SearchAction","target":{"@type":"EntryPoint","urlTemplate":"https:\/\/junge-erwachsene-mit-krebs.de\/?s={search_term_string}"},"query-input":{"@type":"PropertyValueSpecification","valueRequired":true,"valueName":"search_term_string"}}],"inLanguage":"de-LS"},{"@type":"Organization","@id":"https:\/\/junge-erwachsene-mit-krebs.de\/#organization","name":"Deutsche Stiftung f\u00fcr junge Erwachsene mit Krebs","url":"https:\/\/junge-erwachsene-mit-krebs.de\/","logo":{"@type":"ImageObject","inLanguage":"de-LS","@id":"https:\/\/junge-erwachsene-mit-krebs.de\/#\/schema\/logo\/image\/","url":"https:\/\/junge-erwachsene-mit-krebs.de\/wp-content\/uploads\/2018\/09\/Logo_DSfjEmK-2018.jpg","contentUrl":"https:\/\/junge-erwachsene-mit-krebs.de\/wp-content\/uploads\/2018\/09\/Logo_DSfjEmK-2018.jpg","width":1000,"height":1000,"caption":"Deutsche Stiftung f\u00fcr junge Erwachsene mit Krebs"},"image":{"@id":"https:\/\/junge-erwachsene-mit-krebs.de\/#\/schema\/logo\/image\/"}}]}},"campaignId":"0","_links":{"self":[{"href":"https:\/\/junge-erwachsene-mit-krebs.de\/ls\/wp-json\/wp\/v2\/pages\/21733","targetHints":{"allow":["GET"]}}],"collection":[{"href":"https:\/\/junge-erwachsene-mit-krebs.de\/ls\/wp-json\/wp\/v2\/pages"}],"about":[{"href":"https:\/\/junge-erwachsene-mit-krebs.de\/ls\/wp-json\/wp\/v2\/types\/page"}],"author":[{"embeddable":true,"href":"https:\/\/junge-erwachsene-mit-krebs.de\/ls\/wp-json\/wp\/v2\/users\/1"}],"replies":[{"embeddable":true,"href":"https:\/\/junge-erwachsene-mit-krebs.de\/ls\/wp-json\/wp\/v2\/comments?post=21733"}],"version-history":[{"count":0,"href":"https:\/\/junge-erwachsene-mit-krebs.de\/ls\/wp-json\/wp\/v2\/pages\/21733\/revisions"}],"wp:attachment":[{"href":"https:\/\/junge-erwachsene-mit-krebs.de\/ls\/wp-json\/wp\/v2\/media?parent=21733"}],"curies":[{"name":"wp","href":"https:\/\/api.w.org\/{rel}","templated":true}]}}